{"id":231,"date":"2024-04-12T16:58:06","date_gmt":"2024-04-12T16:58:06","guid":{"rendered":"https:\/\/www.desmotspourunevie.fr\/?page_id=231"},"modified":"2025-05-01T12:10:51","modified_gmt":"2025-05-01T12:10:51","slug":"marlene-louisor","status":"publish","type":"page","link":"https:\/\/www.desmotspourunevie.fr\/index.php\/marlene-louisor\/","title":{"rendered":"Marl\u00e8ne Louisor"},"content":{"rendered":"<p>[et_pb_section fb_built=\u00a0\u00bb1&Prime; admin_label=\u00a0\u00bbAbout Section\u00a0\u00bb _builder_version=\u00a0\u00bb4.16&Prime; background_color=\u00a0\u00bb#f7f7f7&Prime; custom_padding=\u00a0\u00bb44px||10px|||\u00a0\u00bb global_colors_info=\u00a0\u00bb{}\u00a0\u00bb][et_pb_row admin_label=\u00a0\u00bbSection Title\u00a0\u00bb _builder_version=\u00a0\u00bb4.24.2&Prime; custom_margin=\u00a0\u00bb|auto|0px|auto|false|false\u00a0\u00bb custom_padding=\u00a0\u00bb||0px|\u00a0\u00bb global_colors_info=\u00a0\u00bb{}\u00a0\u00bb][et_pb_column type=\u00a0\u00bb4_4&Prime; _builder_version=\u00a0\u00bb4.16&Prime; custom_padding=\u00a0\u00bb|||\u00a0\u00bb global_colors_info=\u00a0\u00bb{}\u00a0\u00bb custom_padding__hover=\u00a0\u00bb|||\u00a0\u00bb][et_pb_post_title meta=\u00a0\u00bboff\u00a0\u00bb featured_image=\u00a0\u00bboff\u00a0\u00bb _builder_version=\u00a0\u00bb4.24.2&Prime; _module_preset=\u00a0\u00bbdefault\u00a0\u00bb title_font=\u00a0\u00bb|800|||||||\u00a0\u00bb title_font_size=\u00a0\u00bb60px\u00a0\u00bb title_line_height=\u00a0\u00bb0.8em\u00a0\u00bb custom_margin=\u00a0\u00bb8px||0px||false|false\u00a0\u00bb global_colors_info=\u00a0\u00bb{}\u00a0\u00bb][\/et_pb_post_title][et_pb_divider color=\u00a0\u00bb#F29502&Prime; divider_weight=\u00a0\u00bb4px\u00a0\u00bb _builder_version=\u00a0\u00bb4.24.2&Prime; _module_preset=\u00a0\u00bbdefault\u00a0\u00bb width=\u00a0\u00bb100%\u00a0\u00bb max_width=\u00a0\u00bb10%\u00a0\u00bb custom_margin=\u00a0\u00bb||0px||false|false\u00a0\u00bb custom_padding=\u00a0\u00bb||0px||false|false\u00a0\u00bb global_colors_info=\u00a0\u00bb{}\u00a0\u00bb][\/et_pb_divider][et_pb_divider show_divider=\u00a0\u00bboff\u00a0\u00bb _builder_version=\u00a0\u00bb4.16&Prime; max_width=\u00a0\u00bb23px\u00a0\u00bb module_alignment=\u00a0\u00bbcenter\u00a0\u00bb animation_style=\u00a0\u00bbslide\u00a0\u00bb animation_direction=\u00a0\u00bbtop\u00a0\u00bb animation_intensity_slide=\u00a0\u00bb20%\u00a0\u00bb animation_starting_opacity=\u00a0\u00bb100%\u00a0\u00bb global_colors_info=\u00a0\u00bb{}\u00a0\u00bb][\/et_pb_divider][\/et_pb_column][\/et_pb_row][et_pb_row admin_label=\u00a0\u00bbSection Title\u00a0\u00bb _builder_version=\u00a0\u00bb4.16&Prime; custom_margin=\u00a0\u00bb|auto|1px|auto||\u00a0\u00bb custom_padding=\u00a0\u00bb22px||0px|||\u00a0\u00bb global_colors_info=\u00a0\u00bb{}\u00a0\u00bb][et_pb_column type=\u00a0\u00bb4_4&Prime; _builder_version=\u00a0\u00bb4.16&Prime; custom_padding=\u00a0\u00bb|||\u00a0\u00bb global_colors_info=\u00a0\u00bb{}\u00a0\u00bb custom_padding__hover=\u00a0\u00bb|||\u00a0\u00bb][et_pb_text _builder_version=\u00a0\u00bb4.24.3&Prime; _module_preset=\u00a0\u00bbdefault\u00a0\u00bb text_font=\u00a0\u00bb||||||||\u00a0\u00bb text_font_size=\u00a0\u00bb16px\u00a0\u00bb global_colors_info=\u00a0\u00bb{}\u00a0\u00bb]<\/p>\n<p style=\"font-weight: 400;\">Vous vous appr\u00eatez \u00e0 me confier votre histoire, un fragment de votre vie, ou tout autre r\u00e9cit de quelque nature que ce soit, et pour cela, je vous en remercie vivement.<\/p>\n<p style=\"font-weight: 400;\">En mars 2020, p\u00e9riode un peu particuli\u00e8re, j\u2019ai red\u00e9couvert le go\u00fbt de l\u2019\u00e9criture, qui, je vous l\u2019avoue, ne m\u2019avait jamais vraiment quitt\u00e9.<\/p>\n<p style=\"font-weight: 400;\">J\u2019ai \u00e9crit un livre sur un chapitre de ma vie et d\u00e9cid\u00e9 de concr\u00e9tiser mon projet d\u2019\u00e9crivaine, biographe.<\/p>\n<p style=\"font-weight: 400;\">Curieuse, enthousiaste et bienveillante, j\u2019aime me d\u00e9lecter des r\u00e9cits des uns et des autres, partager vos histoires, vous accompagner, vous encourager et vous apporter mon aide.<\/p>\n<p style=\"font-weight: 400;\">Mettre \u00e0 votre disposition mon \u00e9coute, mon empathie et ma compr\u00e9hension pour reproduire fid\u00e8lement avec des mots justes et simples vos propos, tout en respectant votre personnalit\u00e9, repr\u00e9sente pour moi ma priorit\u00e9.<\/p>\n<p style=\"font-weight: 400;\">Ecrire, pour ne pas tomber dans l\u2019oubli, pour laisser un t\u00e9moignage \u00e0 vos enfants, petits-enfants, conjoint ou conjointe \u2026. Cela repr\u00e9sente un cadeau inestimable \u00e0 faire ou \u00e0 vous faire et je serai ravie d\u2019y contribuer.<\/p>\n<p style=\"font-weight: 400;\">Alors, n\u2019h\u00e9sitez plus, lancez-vous dans l\u2019aventure avec moi\u00a0!&#8230;.<\/p>\n<p>[\/et_pb_text][et_pb_divider show_divider=\u00a0\u00bboff\u00a0\u00bb _builder_version=\u00a0\u00bb4.16&Prime; max_width=\u00a0\u00bb23px\u00a0\u00bb module_alignment=\u00a0\u00bbcenter\u00a0\u00bb animation_style=\u00a0\u00bbslide\u00a0\u00bb animation_direction=\u00a0\u00bbtop\u00a0\u00bb animation_intensity_slide=\u00a0\u00bb20%\u00a0\u00bb animation_starting_opacity=\u00a0\u00bb100%\u00a0\u00bb global_colors_info=\u00a0\u00bb{}\u00a0\u00bb][\/et_pb_divider][\/et_pb_column][\/et_pb_row][\/et_pb_section][et_pb_section fb_built=\u00a0\u00bb1&Prime; prev_background_color=\u00a0\u00bb#f7f7f7&Prime; next_background_color=\u00a0\u00bb#f7f7f7&Prime; _builder_version=\u00a0\u00bb4.24.0&Prime; _module_preset=\u00a0\u00bbdefault\u00a0\u00bb background_color=\u00a0\u00bb#B3802E\u00a0\u00bb custom_margin=\u00a0\u00bb0px||0px||true|false\u00a0\u00bb custom_padding=\u00a0\u00bb0px||0px||true|false\u00a0\u00bb top_divider_style=\u00a0\u00bbslant\u00a0\u00bb top_divider_height=\u00a0\u00bb50px\u00a0\u00bb top_divider_flip=\u00a0\u00bbhorizontal\u00a0\u00bb bottom_divider_style=\u00a0\u00bbslant\u00a0\u00bb bottom_divider_height=\u00a0\u00bb50px\u00a0\u00bb bottom_divider_flip=\u00a0\u00bbhorizontal\u00a0\u00bb global_colors_info=\u00a0\u00bb{}\u00a0\u00bb][et_pb_row _builder_version=\u00a0\u00bb4.24.0&Prime; _module_preset=\u00a0\u00bbdefault\u00a0\u00bb width=\u00a0\u00bb100%\u00a0\u00bb max_width=\u00a0\u00bb100%\u00a0\u00bb custom_margin=\u00a0\u00bb0px||0px||true|false\u00a0\u00bb custom_padding=\u00a0\u00bb0px||0px||true|false\u00a0\u00bb global_colors_info=\u00a0\u00bb{}\u00a0\u00bb][et_pb_column type=\u00a0\u00bb4_4&Prime; _builder_version=\u00a0\u00bb4.24.0&Prime; _module_preset=\u00a0\u00bbdefault\u00a0\u00bb global_colors_info=\u00a0\u00bb{}\u00a0\u00bb][et_pb_divider show_divider=\u00a0\u00bboff\u00a0\u00bb _builder_version=\u00a0\u00bb4.24.0&Prime; _module_preset=\u00a0\u00bbdefault\u00a0\u00bb custom_margin=\u00a0\u00bb32px||32px||true|false\u00a0\u00bb global_colors_info=\u00a0\u00bb{}\u00a0\u00bb][\/et_pb_divider][\/et_pb_column][\/et_pb_row][\/et_pb_section][et_pb_section fb_built=\u00a0\u00bb1&Prime; admin_label=\u00a0\u00bbAbout Section\u00a0\u00bb _builder_version=\u00a0\u00bb4.16&Prime; background_color=\u00a0\u00bb#f7f7f7&Prime; custom_padding=\u00a0\u00bb44px||49px|||\u00a0\u00bb global_colors_info=\u00a0\u00bb{}\u00a0\u00bb][et_pb_row admin_label=\u00a0\u00bbSection Title\u00a0\u00bb _builder_version=\u00a0\u00bb4.16&Prime; custom_margin=\u00a0\u00bb|auto|1px|auto||\u00a0\u00bb custom_padding=\u00a0\u00bb||0px|\u00a0\u00bb global_colors_info=\u00a0\u00bb{}\u00a0\u00bb][et_pb_column type=\u00a0\u00bb4_4&Prime; _builder_version=\u00a0\u00bb4.16&Prime; custom_padding=\u00a0\u00bb|||\u00a0\u00bb global_colors_info=\u00a0\u00bb{}\u00a0\u00bb custom_padding__hover=\u00a0\u00bb|||\u00a0\u00bb][et_pb_text admin_label=\u00a0\u00bbTitle\u00a0\u00bb _builder_version=\u00a0\u00bb4.24.3&Prime; text_font=\u00a0\u00bb||||||||\u00a0\u00bb header_font=\u00a0\u00bb||||||||\u00a0\u00bb header_2_font=\u00a0\u00bb|600|||||||\u00a0\u00bb header_2_text_align=\u00a0\u00bbcenter\u00a0\u00bb header_2_font_size=\u00a0\u00bb50px\u00a0\u00bb custom_margin=\u00a0\u00bb||5px|\u00a0\u00bb animation_direction=\u00a0\u00bbtop\u00a0\u00bb global_colors_info=\u00a0\u00bb{}\u00a0\u00bb]<\/p>\n<h2>Et le ciel s&rsquo;assombrit<\/h2>\n<p>[\/et_pb_text][et_pb_text _builder_version=\u00a0\u00bb4.24.3&Prime; _module_preset=\u00a0\u00bbdefault\u00a0\u00bb text_font_size=\u00a0\u00bb17px\u00a0\u00bb custom_margin=\u00a0\u00bb||44px|||\u00a0\u00bb global_colors_info=\u00a0\u00bb{}\u00a0\u00bb]<\/p>\n<p><span>J\u2019ai \u00e9crit un livre en 2020 \u00ab Et le ciel s\u2019assombrit \u00bb \u00a0pendant le confinement sur un sujet qui, malheureusement, touche un grand nombre d\u2019entre nous : Les relations toxiques. Je l\u2019ai auto-\u00e9dit\u00e9 et depuis, je le vends lors de ma conf\u00e9rence ou par \u00ab le bouche \u00e0 oreilles \u00bb.<\/span><span><br \/><\/span><span><br \/><\/span><span>Je l&rsquo;ai \u00e9crit dans le seul but de sensibiliser le plus grand nombre de personnes \u00e0 ce fl\u00e9au.<\/span><span><br \/><\/span><span>Nous sommes tous confront\u00e9s, \u00e0 un moment donn\u00e9 \u00e0 une ou plusieurs personnes toxiques et ce, quel que soit notre \u00e2ge, notre situation professionnelle, le milieu familial, amical ou sentimental dans lequel nous \u00e9voluons.<\/span><span><br \/><\/span><span><br \/><\/span><span>Parfois, nous vivons depuis des ann\u00e9es avec l\u2019une d\u2019entre elles et le plus souvent, nous nous remettons en question, nous culpabilisons, nous pensons \u00eatre responsables de la situation engendr\u00e9e, imaginant na\u00efvement que les choses vont s\u2019arranger avec le temps\u2026<\/span><span><br \/><\/span><span><br \/><\/span><span>Nous vivons dans un mal-\u00eatre permanent, nous nous enfermons dans le silence de peur d\u2019\u00eatre jug\u00e9s.<\/span><span><br \/><\/span><span>Nous renfor\u00e7ons cet isolement, nous nous \u00e9loignons de nos proches, nous nous renfermons sur nous-m\u00eames, persuad\u00e9s que personne ne peut nous aider\u2026<\/span><span><br \/><\/span><span><br \/><\/span><span>Mais nous avons tort.<\/span><span><br \/><\/span><span><br \/><\/span><span>En parler, c\u2019est sortir du tunnel, de cette cage dans laquelle nous sommes enferm\u00e9s, c\u2019est accepter de donner la responsabilit\u00e9 \u00e0 l\u2019autre, c\u2019est refuser de perdre son identit\u00e9 et de se laisser mourir \u00e0 petits feux \u2026 <\/span><span class=\"white-space-pre\">\u00a0<\/span><span><br \/><\/span><span><br \/><\/span><span>L\u2019Amour, le vrai n\u2019est pas d\u2019accepter d\u2019\u00eatre rejet\u00e9.e, humili\u00e9.e, rabaiss\u00e9.e, d\u00e9nigr\u00e9.e, isol\u00e9.e\u2026<\/span><span><br \/><\/span><span>Rien ni personne ne nous oblige \u00e0 accepter cela !\u00a0<\/span><span><br \/><\/span><span>En parler, c\u2019est un premier pas vers l\u2019Amour de soi, \u00a0c\u2019est apprendre \u00e0 se respecter et se faire passer en priorit\u00e9 !<\/span><span><br \/><\/span><span><br \/><\/span><span>Dans cet ouvrage o\u00f9 je raconte mon voyage dans le d\u00e9sert et ma rencontre avec un pervers narcissique, vous d\u00e9couvrirez comment d\u00e9celer que VOUS \u00eates dans une relation toxique et surtout vous verrez que VOUS pouvez en sortir.<\/span><span><br \/><\/span><span><br \/><\/span><span>Si vous connaissez des personnes dans cette situation, si vous \u00eates vous-m\u00eames concern\u00e9s, n\u2019h\u00e9sitez pas \u00e0 me contacter.<\/span><\/p>\n<p>[\/et_pb_text][\/et_pb_column][\/et_pb_row][et_pb_row column_structure=\u00a0\u00bb1_5,3_5,1_5&Prime; _builder_version=\u00a0\u00bb4.24.3&Prime; _module_preset=\u00a0\u00bbdefault\u00a0\u00bb width=\u00a0\u00bb90%\u00a0\u00bb max_width=\u00a0\u00bb100%\u00a0\u00bb box_shadow_style=\u00a0\u00bbpreset3&Prime; box_shadow_vertical=\u00a0\u00bb-12px\u00a0\u00bb box_shadow_blur=\u00a0\u00bb34px\u00a0\u00bb global_colors_info=\u00a0\u00bb{}\u00a0\u00bb][et_pb_column type=\u00a0\u00bb1_5&Prime; _builder_version=\u00a0\u00bb4.24.0&Prime; _module_preset=\u00a0\u00bbdefault\u00a0\u00bb global_colors_info=\u00a0\u00bb{}\u00a0\u00bb][et_pb_image src=\u00a0\u00bbhttps:\/\/www.desmotspourunevie.fr\/wp-content\/uploads\/2024\/04\/Capture-decran-2024-04-12-a-19.30.15.png\u00a0\u00bb title_text=\u00a0\u00bbCapture d\u2019\u00e9cran 2024-04-12 \u00e0 19.30.15&Prime; _builder_version=\u00a0\u00bb4.24.3&Prime; _module_preset=\u00a0\u00bbdefault\u00a0\u00bb width=\u00a0\u00bb60%\u00a0\u00bb module_alignment=\u00a0\u00bbright\u00a0\u00bb global_colors_info=\u00a0\u00bb{}\u00a0\u00bb][\/et_pb_image][\/et_pb_column][et_pb_column type=\u00a0\u00bb3_5&Prime; _builder_version=\u00a0\u00bb4.24.0&Prime; _module_preset=\u00a0\u00bbdefault\u00a0\u00bb global_colors_info=\u00a0\u00bb{}\u00a0\u00bb][et_pb_text admin_label=\u00a0\u00bbTitle\u00a0\u00bb _builder_version=\u00a0\u00bb4.24.3&Prime; text_font=\u00a0\u00bb||||||||\u00a0\u00bb header_font=\u00a0\u00bb||||||||\u00a0\u00bb header_2_font=\u00a0\u00bb|600|||||||\u00a0\u00bb header_2_text_align=\u00a0\u00bbleft\u00a0\u00bb header_2_font_size=\u00a0\u00bb45px\u00a0\u00bb custom_margin=\u00a0\u00bb||5px|\u00a0\u00bb animation_direction=\u00a0\u00bbtop\u00a0\u00bb global_colors_info=\u00a0\u00bb{}\u00a0\u00bb]<\/p>\n<h2>Et le ciel s&rsquo;assombrit<\/h2>\n<p>[\/et_pb_text][et_pb_text _builder_version=\u00a0\u00bb4.25.0&Prime; _module_preset=\u00a0\u00bbdefault\u00a0\u00bb global_colors_info=\u00a0\u00bb{}\u00a0\u00bb]<\/p>\n<p><span>4 mois, c&rsquo;est le temps qu&rsquo;il m&rsquo;a fallu pour dire STOP !<\/span><br \/><span>A travers mon histoire, je vous montrerai comment d\u00e9celer et sortir d&rsquo;une relation toxique, apprendre \u00e0 se respecter et \u00e0 se faire respecter, comprendre qui l&rsquo;on est et savoir quelle direction donner \u00e0 sa vie&#8230;<\/span><br \/><span>J&rsquo;ai r\u00e9ussi \u00e0 m&rsquo;en sortir, alors pourquoi pas vous ?<\/span><\/p>\n<p>[\/et_pb_text][\/et_pb_column][et_pb_column type=\u00a0\u00bb1_5&Prime; _builder_version=\u00a0\u00bb4.24.0&Prime; _module_preset=\u00a0\u00bbdefault\u00a0\u00bb global_colors_info=\u00a0\u00bb{}\u00a0\u00bb][et_pb_button button_url=\u00a0\u00bbhttps:\/\/www.coollibri.com\/bibliotheque-en-ligne\/marlene-louisor\/et-le-ciel-sassombrit-_457156&Prime; button_text=\u00a0\u00bbACHETER\u00a0\u00bb _builder_version=\u00a0\u00bb4.24.3&Prime; _module_preset=\u00a0\u00bbdefault\u00a0\u00bb custom_button=\u00a0\u00bbon\u00a0\u00bb button_text_color=\u00a0\u00bb#FFFFFF\u00a0\u00bb button_font=\u00a0\u00bb|700|||||||\u00a0\u00bb global_colors_info=\u00a0\u00bb{}\u00a0\u00bb button_text_color__hover_enabled=\u00a0\u00bbon|desktop\u00a0\u00bb button_text_color__hover=\u00a0\u00bb#F29502&Prime;][\/et_pb_button][\/et_pb_column][\/et_pb_row][\/et_pb_section][et_pb_section fb_built=\u00a0\u00bb1&Prime; _builder_version=\u00a0\u00bb4.24.2&Prime; _module_preset=\u00a0\u00bbdefault\u00a0\u00bb background_enable_color=\u00a0\u00bboff\u00a0\u00bb custom_margin=\u00a0\u00bb0px||0px||true|false\u00a0\u00bb custom_padding=\u00a0\u00bb0px||0px||true|false\u00a0\u00bb global_colors_info=\u00a0\u00bb{}\u00a0\u00bb][et_pb_row column_structure=\u00a0\u00bb1_3,1_3,1_3&Prime; use_custom_gutter=\u00a0\u00bbon\u00a0\u00bb gutter_width=\u00a0\u00bb1&Prime; _builder_version=\u00a0\u00bb4.24.2&Prime; _module_preset=\u00a0\u00bbdefault\u00a0\u00bb width=\u00a0\u00bb100%\u00a0\u00bb max_width=\u00a0\u00bb100%\u00a0\u00bb min_height=\u00a0\u00bb250px\u00a0\u00bb height=\u00a0\u00bb250px\u00a0\u00bb max_height=\u00a0\u00bb250px\u00a0\u00bb custom_margin=\u00a0\u00bb0px||0px||true|false\u00a0\u00bb custom_padding=\u00a0\u00bb0px||0px||true|false\u00a0\u00bb global_colors_info=\u00a0\u00bb{}\u00a0\u00bb][et_pb_column type=\u00a0\u00bb1_3&Prime; _builder_version=\u00a0\u00bb4.24.2&Prime; _module_preset=\u00a0\u00bbdefault\u00a0\u00bb background_enable_image=\u00a0\u00bboff\u00a0\u00bb global_colors_info=\u00a0\u00bb{}\u00a0\u00bb][et_pb_divider show_divider=\u00a0\u00bboff\u00a0\u00bb _builder_version=\u00a0\u00bb4.25.0&Prime; _module_preset=\u00a0\u00bbdefault\u00a0\u00bb use_background_color_gradient=\u00a0\u00bbon\u00a0\u00bb background_color_gradient_direction=\u00a0\u00bb107deg\u00a0\u00bb background_color_gradient_stops=\u00a0\u00bbrgba(255,255,255,0.05) 85%|#f29502 85%|#f29502 100%\u00a0\u00bb background_color_gradient_overlays_image=\u00a0\u00bbon\u00a0\u00bb background_image=\u00a0\u00bbhttps:\/\/www.desmotspourunevie.fr\/wp-content\/uploads\/2024\/04\/marlene-louisor-biographe.jpg\u00a0\u00bb min_height=\u00a0\u00bb250px\u00a0\u00bb height=\u00a0\u00bb250px\u00a0\u00bb max_height=\u00a0\u00bb250px\u00a0\u00bb global_colors_info=\u00a0\u00bb{}\u00a0\u00bb][\/et_pb_divider][\/et_pb_column][et_pb_column type=\u00a0\u00bb1_3&Prime; _builder_version=\u00a0\u00bb4.24.2&Prime; _module_preset=\u00a0\u00bbdefault\u00a0\u00bb global_colors_info=\u00a0\u00bb{}\u00a0\u00bb][et_pb_divider show_divider=\u00a0\u00bboff\u00a0\u00bb _builder_version=\u00a0\u00bb4.25.0&Prime; _module_preset=\u00a0\u00bbdefault\u00a0\u00bb use_background_color_gradient=\u00a0\u00bbon\u00a0\u00bb background_color_gradient_direction=\u00a0\u00bb107deg\u00a0\u00bb background_color_gradient_stops=\u00a0\u00bb#f29502 0%|#f29502 17%|rgba(255, 255, 255, 0.05) 17%|rgba(255,255,255,0.05) 85%|#f29502 85%|#f29502 100%\u00a0\u00bb background_color_gradient_overlays_image=\u00a0\u00bbon\u00a0\u00bb background_image=\u00a0\u00bbhttps:\/\/www.desmotspourunevie.fr\/wp-content\/uploads\/2024\/04\/EntreMel-et-Vous-Marlene-Louisor-scaled-e1714038868891.jpg\u00a0\u00bb min_height=\u00a0\u00bb250px\u00a0\u00bb height=\u00a0\u00bb250px\u00a0\u00bb max_height=\u00a0\u00bb250px\u00a0\u00bb global_colors_info=\u00a0\u00bb{}\u00a0\u00bb][\/et_pb_divider][\/et_pb_column][et_pb_column type=\u00a0\u00bb1_3&Prime; _builder_version=\u00a0\u00bb4.24.2&Prime; _module_preset=\u00a0\u00bbdefault\u00a0\u00bb global_colors_info=\u00a0\u00bb{}\u00a0\u00bb][et_pb_divider show_divider=\u00a0\u00bboff\u00a0\u00bb _builder_version=\u00a0\u00bb4.24.3&Prime; _module_preset=\u00a0\u00bbdefault\u00a0\u00bb use_background_color_gradient=\u00a0\u00bbon\u00a0\u00bb background_color_gradient_direction=\u00a0\u00bb107deg\u00a0\u00bb background_color_gradient_stops=\u00a0\u00bb#f29502 0%|#f29502 17%|rgba(255, 255, 255, 0.05) 17%|rgba(255,255,255,0.05) 85%|rgba(255,255,255,0) 100%|rgba(255,255,255,0) 100%\u00a0\u00bb background_color_gradient_overlays_image=\u00a0\u00bbon\u00a0\u00bb background_image=\u00a0\u00bbhttps:\/\/www.desmotspourunevie.fr\/wp-content\/uploads\/2024\/04\/Marlene-HD-1-scaled-e1712944376587.jpg\u00a0\u00bb min_height=\u00a0\u00bb250px\u00a0\u00bb height=\u00a0\u00bb250px\u00a0\u00bb max_height=\u00a0\u00bb250px\u00a0\u00bb global_colors_info=\u00a0\u00bb{}\u00a0\u00bb][\/et_pb_divider][\/et_pb_column][\/et_pb_row][\/et_pb_section][et_pb_section fb_built=\u00a0\u00bb1&Prime; admin_label=\u00a0\u00bbAbout Section\u00a0\u00bb _builder_version=\u00a0\u00bb4.16&Prime; background_color=\u00a0\u00bb#f7f7f7&Prime; custom_padding=\u00a0\u00bb44px||49px|||\u00a0\u00bb global_colors_info=\u00a0\u00bb{}\u00a0\u00bb][et_pb_row admin_label=\u00a0\u00bbSection Title\u00a0\u00bb _builder_version=\u00a0\u00bb4.16&Prime; custom_margin=\u00a0\u00bb|auto|1px|auto||\u00a0\u00bb custom_padding=\u00a0\u00bb||0px|\u00a0\u00bb global_colors_info=\u00a0\u00bb{}\u00a0\u00bb][et_pb_column type=\u00a0\u00bb4_4&Prime; _builder_version=\u00a0\u00bb4.16&Prime; custom_padding=\u00a0\u00bb|||\u00a0\u00bb global_colors_info=\u00a0\u00bb{}\u00a0\u00bb custom_padding__hover=\u00a0\u00bb|||\u00a0\u00bb][et_pb_text admin_label=\u00a0\u00bbTitle\u00a0\u00bb _builder_version=\u00a0\u00bb4.24.3&Prime; text_font=\u00a0\u00bb||||||||\u00a0\u00bb header_font=\u00a0\u00bb||||||||\u00a0\u00bb header_2_font=\u00a0\u00bb|600|||||||\u00a0\u00bb header_2_text_align=\u00a0\u00bbcenter\u00a0\u00bb header_2_font_size=\u00a0\u00bb50px\u00a0\u00bb custom_margin=\u00a0\u00bb||5px|\u00a0\u00bb animation_direction=\u00a0\u00bbtop\u00a0\u00bb global_colors_info=\u00a0\u00bb{}\u00a0\u00bb]<\/p>\n<h2>Mon portait \u00e9crit par Nathalie Joyot<\/h2>\n<p>[\/et_pb_text][et_pb_text _builder_version=\u00a0\u00bb4.24.3&Prime; _module_preset=\u00a0\u00bbdefault\u00a0\u00bb text_font_size=\u00a0\u00bb17px\u00a0\u00bb custom_margin=\u00a0\u00bb||44px|||\u00a0\u00bb global_colors_info=\u00a0\u00bb{}\u00a0\u00bb]<\/p>\n<p>Des mots, encore des mots, toujours des mots\u2026. Des mots pour une vie, des mots pour sa vie.<\/p>\n<p>Marl\u00e8ne et les mots comme une \u00e9vidence.<\/p>\n<p>Encore fallait-il qu\u2019elle comprenne le message de son \u00e2me !<\/p>\n<p>Car sa route vers les mots fut longue, parfois douloureuse, faite de rencontres, d\u2019exp\u00e9riences, d\u2019apprentissages, de messages plus ou moins subtils qu\u2019elle apprendra \u00e0 d\u00e9coder pour finalement s\u2019\u00e9panouir dans un m\u00e9tier lui permettant de manier avec talent les mots autour de plusieurs activit\u00e9s.<\/p>\n<p><a href=\"https:\/\/www.desmotspourunevie.fr\/wp-content\/uploads\/2024\/04\/Portrait-ML.pdf\">D\u00e9couvrir le portrait<\/a><\/p>\n<p>[\/et_pb_text][\/et_pb_column][\/et_pb_row][et_pb_row column_structure=\u00a0\u00bb1_3,2_3&Prime; use_custom_gutter=\u00a0\u00bbon\u00a0\u00bb gutter_width=\u00a0\u00bb1&Prime; make_equal=\u00a0\u00bbon\u00a0\u00bb _builder_version=\u00a0\u00bb4.27.4&Prime; _module_preset=\u00a0\u00bbdefault\u00a0\u00bb background_color=\u00a0\u00bb#F29502&Prime; width=\u00a0\u00bb100%\u00a0\u00bb max_width=\u00a0\u00bb100%\u00a0\u00bb custom_margin=\u00a0\u00bb66px|auto||auto|false|false\u00a0\u00bb custom_padding=\u00a0\u00bb0px|0px|0px|0px|true|true\u00a0\u00bb box_shadow_style=\u00a0\u00bbpreset1&Prime; global_colors_info=\u00a0\u00bb{}\u00a0\u00bb global_module=\u00a0\u00bb538&Prime; theme_builder_area=\u00a0\u00bbpost_content\u00a0\u00bb][et_pb_column type=\u00a0\u00bb1_3&Prime; _builder_version=\u00a0\u00bb4.24.3&Prime; _module_preset=\u00a0\u00bbdefault\u00a0\u00bb global_colors_info=\u00a0\u00bb{}\u00a0\u00bb theme_builder_area=\u00a0\u00bbpost_content\u00a0\u00bb][et_pb_image src=\u00a0\u00bbhttps:\/\/www.desmotspourunevie.fr\/wp-content\/uploads\/2024\/12\/flovinno-ceremonie.jpg\u00a0\u00bb alt=\u00a0\u00bbceremonie-laique\u00a0\u00bb title_text=\u00a0\u00bbflovinno-ceremonie\u00a0\u00bb _builder_version=\u00a0\u00bb4.27.4&Prime; _module_preset=\u00a0\u00bbdefault\u00a0\u00bb custom_padding=\u00a0\u00bb17px||17px||true|false\u00a0\u00bb global_colors_info=\u00a0\u00bb{}\u00a0\u00bb theme_builder_area=\u00a0\u00bbpost_content\u00a0\u00bb][\/et_pb_image][\/et_pb_column][et_pb_column type=\u00a0\u00bb2_3&Prime; _builder_version=\u00a0\u00bb4.24.3&Prime; _module_preset=\u00a0\u00bbdefault\u00a0\u00bb global_colors_info=\u00a0\u00bb{}\u00a0\u00bb theme_builder_area=\u00a0\u00bbpost_content\u00a0\u00bb][et_pb_cta title=\u00a0\u00bbOfficiante de c\u00e9r\u00e9monie la\u00efque &#038; Wedding Planner\u00a0\u00bb button_url=\u00a0\u00bbhttps:\/\/calendly.com\/flovinno\u00a0\u00bb button_text=\u00a0\u00bbPrenons rendez-vous\u00a0\u00bb _builder_version=\u00a0\u00bb4.27.4&Prime; _module_preset=\u00a0\u00bbdefault\u00a0\u00bb custom_button=\u00a0\u00bbon\u00a0\u00bb button_text_color=\u00a0\u00bb#F29502&Prime; button_bg_color=\u00a0\u00bb#FFFFFF\u00a0\u00bb custom_margin=\u00a0\u00bb30px||||false|false\u00a0\u00bb global_colors_info=\u00a0\u00bb{}\u00a0\u00bb theme_builder_area=\u00a0\u00bbpost_content\u00a0\u00bb]<\/p>\n<p style=\"font-weight: 400;\"><em>Parce que l\u2019\u00e9motion est au c\u0153ur de mon activit\u00e9 d\u2019\u00c9crivaine, Biographe, j&rsquo;ai choisi de mettre ma voix et ma plume \u00e0 votre service.<br \/><\/em><\/p>\n<p style=\"font-weight: 400;\"><em>Ensemble, \u00e9crivons une nouvelle page de votre histoire\u2026faisons de ce jour si singulier, un moment privil\u00e9gi\u00e9, inoubliable empreint de ga\u00eet\u00e9, de bonheur, d&rsquo;humour et d\u2019amour.<\/em><\/p>\n<p style=\"font-weight: 400;\"><em>Ensemble faisons de cette c\u00e9r\u00e9monie, non pas un r\u00eave mais une r\u00e9alit\u00e9\u2026<\/em><\/p>\n<p>[\/et_pb_cta][\/et_pb_column][\/et_pb_row][\/et_pb_section]<\/p>\n","protected":false},"excerpt":{"rendered":"<p>Vous vous appr\u00eatez \u00e0 me confier votre histoire, un fragment de votre vie, ou tout autre r\u00e9cit de quelque nature que ce soit, et pour cela, je vous en remercie vivement. En mars 2020, p\u00e9riode un peu particuli\u00e8re, j\u2019ai red\u00e9couvert le go\u00fbt de l\u2019\u00e9criture, qui, je vous l\u2019avoue, ne m\u2019avait jamais vraiment quitt\u00e9. J\u2019ai \u00e9crit un livre sur un chapitre de ma vie et d\u00e9cid\u00e9 de concr\u00e9tiser mon projet d\u2019\u00e9crivaine, biographe. Curieuse, enthousiaste et bienveillante, j\u2019aime me d\u00e9lecter des r\u00e9cits des uns et des autres, partager vos histoires, vous accompagner, vous encourager et vous apporter mon aide. Mettre \u00e0 votre disposition mon \u00e9coute, mon empathie et ma compr\u00e9hension pour reproduire fid\u00e8lement avec des mots justes et simples vos propos, tout en respectant votre personnalit\u00e9, repr\u00e9sente pour moi ma priorit\u00e9. Ecrire, pour ne pas tomber dans l\u2019oubli, pour laisser un t\u00e9moignage \u00e0 vos enfants, petits-enfants, conjoint ou conjointe \u2026. Cela repr\u00e9sente un cadeau inestimable \u00e0 faire ou \u00e0 vous faire et je serai ravie d\u2019y contribuer. Alors, n\u2019h\u00e9sitez plus, lancez-vous dans l\u2019aventure avec moi\u00a0!&#8230;.Et le ciel s&rsquo;assombritJ\u2019ai \u00e9crit un livre en 2020 \u00ab Et le ciel s\u2019assombrit \u00bb \u00a0pendant le confinement sur un sujet qui, malheureusement, touche un grand nombre d\u2019entre [&hellip;]<\/p>\n","protected":false},"author":1,"featured_media":442,"parent":0,"menu_order":0,"comment_status":"closed","ping_status":"closed","template":"","meta":{"_et_pb_use_builder":"on","_et_pb_old_content":"","_et_gb_content_width":"","footnotes":""},"class_list":["post-231","page","type-page","status-publish","has-post-thumbnail","hentry"],"yoast_head":"<!-- This site is optimized with the Yoast SEO plugin v27.5 - https:\/\/yoast.com\/product\/yoast-seo-wordpress\/ -->\n<title>Marl\u00e8ne Louisor - Des mots pour une vie<\/title>\n<meta name=\"description\" content=\"Marlene Louisor, \u00e9crivaine, biographe et conf\u00e9renci\u00e8re, manie les mots pour sublimer vos r\u00e9cits et vous apporter du mieux-\u00eatre.\" \/>\n<meta name=\"robots\" content=\"index, follow, max-snippet:-1, max-image-preview:large, max-video-preview:-1\" \/>\n<link rel=\"canonical\" href=\"https:\/\/www.desmotspourunevie.fr\/index.php\/marlene-louisor\/\" \/>\n<meta property=\"og:locale\" content=\"fr_FR\" \/>\n<meta property=\"og:type\" content=\"article\" \/>\n<meta property=\"og:title\" content=\"Marl\u00e8ne Louisor - Des mots pour une vie\" \/>\n<meta property=\"og:description\" content=\"Marlene Louisor, \u00e9crivaine, biographe et conf\u00e9renci\u00e8re, manie les mots pour sublimer vos r\u00e9cits et vous apporter du mieux-\u00eatre.\" \/>\n<meta property=\"og:url\" content=\"https:\/\/www.desmotspourunevie.fr\/index.php\/marlene-louisor\/\" \/>\n<meta property=\"og:site_name\" content=\"Des mots pour une vie\" \/>\n<meta property=\"article:modified_time\" content=\"2025-05-01T12:10:51+00:00\" \/>\n<meta property=\"og:image\" content=\"https:\/\/www.desmotspourunevie.fr\/wp-content\/uploads\/2024\/04\/EntreMel-et-Vous-Marlene-Louisor-scaled-e1714038868891.jpg\" \/>\n\t<meta property=\"og:image:width\" content=\"1706\" \/>\n\t<meta property=\"og:image:height\" content=\"1326\" \/>\n\t<meta property=\"og:image:type\" content=\"image\/jpeg\" \/>\n<meta name=\"twitter:card\" content=\"summary_large_image\" \/>\n<meta name=\"twitter:label1\" content=\"Dur\u00e9e de lecture estim\u00e9e\" \/>\n\t<meta name=\"twitter:data1\" content=\"4 minutes\" \/>\n<script type=\"application\/ld+json\" class=\"yoast-schema-graph\">{\"@context\":\"https:\\\/\\\/schema.org\",\"@graph\":[{\"@type\":\"WebPage\",\"@id\":\"https:\\\/\\\/www.desmotspourunevie.fr\\\/index.php\\\/marlene-louisor\\\/\",\"url\":\"https:\\\/\\\/www.desmotspourunevie.fr\\\/index.php\\\/marlene-louisor\\\/\",\"name\":\"Marl\u00e8ne Louisor - Des mots pour une vie\",\"isPartOf\":{\"@id\":\"https:\\\/\\\/www.desmotspourunevie.fr\\\/#website\"},\"primaryImageOfPage\":{\"@id\":\"https:\\\/\\\/www.desmotspourunevie.fr\\\/index.php\\\/marlene-louisor\\\/#primaryimage\"},\"image\":{\"@id\":\"https:\\\/\\\/www.desmotspourunevie.fr\\\/index.php\\\/marlene-louisor\\\/#primaryimage\"},\"thumbnailUrl\":\"https:\\\/\\\/www.desmotspourunevie.fr\\\/wp-content\\\/uploads\\\/2024\\\/04\\\/EntreMel-et-Vous-Marlene-Louisor-scaled-e1714038868891.jpg\",\"datePublished\":\"2024-04-12T16:58:06+00:00\",\"dateModified\":\"2025-05-01T12:10:51+00:00\",\"description\":\"Marlene Louisor, \u00e9crivaine, biographe et conf\u00e9renci\u00e8re, manie les mots pour sublimer vos r\u00e9cits et vous apporter du mieux-\u00eatre.\",\"breadcrumb\":{\"@id\":\"https:\\\/\\\/www.desmotspourunevie.fr\\\/index.php\\\/marlene-louisor\\\/#breadcrumb\"},\"inLanguage\":\"fr-FR\",\"potentialAction\":[{\"@type\":\"ReadAction\",\"target\":[\"https:\\\/\\\/www.desmotspourunevie.fr\\\/index.php\\\/marlene-louisor\\\/\"]}]},{\"@type\":\"ImageObject\",\"inLanguage\":\"fr-FR\",\"@id\":\"https:\\\/\\\/www.desmotspourunevie.fr\\\/index.php\\\/marlene-louisor\\\/#primaryimage\",\"url\":\"https:\\\/\\\/www.desmotspourunevie.fr\\\/wp-content\\\/uploads\\\/2024\\\/04\\\/EntreMel-et-Vous-Marlene-Louisor-scaled-e1714038868891.jpg\",\"contentUrl\":\"https:\\\/\\\/www.desmotspourunevie.fr\\\/wp-content\\\/uploads\\\/2024\\\/04\\\/EntreMel-et-Vous-Marlene-Louisor-scaled-e1714038868891.jpg\",\"width\":1706,\"height\":1326},{\"@type\":\"BreadcrumbList\",\"@id\":\"https:\\\/\\\/www.desmotspourunevie.fr\\\/index.php\\\/marlene-louisor\\\/#breadcrumb\",\"itemListElement\":[{\"@type\":\"ListItem\",\"position\":1,\"name\":\"Accueil\",\"item\":\"https:\\\/\\\/www.desmotspourunevie.fr\\\/\"},{\"@type\":\"ListItem\",\"position\":2,\"name\":\"Marl\u00e8ne Louisor\"}]},{\"@type\":\"WebSite\",\"@id\":\"https:\\\/\\\/www.desmotspourunevie.fr\\\/#website\",\"url\":\"https:\\\/\\\/www.desmotspourunevie.fr\\\/\",\"name\":\"Des mots pour une vie\",\"description\":\"Conf&eacute;renci&egrave;re - &Eacute;crivaine - Biographe\",\"potentialAction\":[{\"@type\":\"SearchAction\",\"target\":{\"@type\":\"EntryPoint\",\"urlTemplate\":\"https:\\\/\\\/www.desmotspourunevie.fr\\\/?s={search_term_string}\"},\"query-input\":{\"@type\":\"PropertyValueSpecification\",\"valueRequired\":true,\"valueName\":\"search_term_string\"}}],\"inLanguage\":\"fr-FR\"}]}<\/script>\n<!-- \/ Yoast SEO plugin. -->","yoast_head_json":{"title":"Marl\u00e8ne Louisor - Des mots pour une vie","description":"Marlene Louisor, \u00e9crivaine, biographe et conf\u00e9renci\u00e8re, manie les mots pour sublimer vos r\u00e9cits et vous apporter du mieux-\u00eatre.","robots":{"index":"index","follow":"follow","max-snippet":"max-snippet:-1","max-image-preview":"max-image-preview:large","max-video-preview":"max-video-preview:-1"},"canonical":"https:\/\/www.desmotspourunevie.fr\/index.php\/marlene-louisor\/","og_locale":"fr_FR","og_type":"article","og_title":"Marl\u00e8ne Louisor - Des mots pour une vie","og_description":"Marlene Louisor, \u00e9crivaine, biographe et conf\u00e9renci\u00e8re, manie les mots pour sublimer vos r\u00e9cits et vous apporter du mieux-\u00eatre.","og_url":"https:\/\/www.desmotspourunevie.fr\/index.php\/marlene-louisor\/","og_site_name":"Des mots pour une vie","article_modified_time":"2025-05-01T12:10:51+00:00","og_image":[{"width":1706,"height":1326,"url":"https:\/\/www.desmotspourunevie.fr\/wp-content\/uploads\/2024\/04\/EntreMel-et-Vous-Marlene-Louisor-scaled-e1714038868891.jpg","type":"image\/jpeg"}],"twitter_card":"summary_large_image","twitter_misc":{"Dur\u00e9e de lecture estim\u00e9e":"4 minutes"},"schema":{"@context":"https:\/\/schema.org","@graph":[{"@type":"WebPage","@id":"https:\/\/www.desmotspourunevie.fr\/index.php\/marlene-louisor\/","url":"https:\/\/www.desmotspourunevie.fr\/index.php\/marlene-louisor\/","name":"Marl\u00e8ne Louisor - Des mots pour une vie","isPartOf":{"@id":"https:\/\/www.desmotspourunevie.fr\/#website"},"primaryImageOfPage":{"@id":"https:\/\/www.desmotspourunevie.fr\/index.php\/marlene-louisor\/#primaryimage"},"image":{"@id":"https:\/\/www.desmotspourunevie.fr\/index.php\/marlene-louisor\/#primaryimage"},"thumbnailUrl":"https:\/\/www.desmotspourunevie.fr\/wp-content\/uploads\/2024\/04\/EntreMel-et-Vous-Marlene-Louisor-scaled-e1714038868891.jpg","datePublished":"2024-04-12T16:58:06+00:00","dateModified":"2025-05-01T12:10:51+00:00","description":"Marlene Louisor, \u00e9crivaine, biographe et conf\u00e9renci\u00e8re, manie les mots pour sublimer vos r\u00e9cits et vous apporter du mieux-\u00eatre.","breadcrumb":{"@id":"https:\/\/www.desmotspourunevie.fr\/index.php\/marlene-louisor\/#breadcrumb"},"inLanguage":"fr-FR","potentialAction":[{"@type":"ReadAction","target":["https:\/\/www.desmotspourunevie.fr\/index.php\/marlene-louisor\/"]}]},{"@type":"ImageObject","inLanguage":"fr-FR","@id":"https:\/\/www.desmotspourunevie.fr\/index.php\/marlene-louisor\/#primaryimage","url":"https:\/\/www.desmotspourunevie.fr\/wp-content\/uploads\/2024\/04\/EntreMel-et-Vous-Marlene-Louisor-scaled-e1714038868891.jpg","contentUrl":"https:\/\/www.desmotspourunevie.fr\/wp-content\/uploads\/2024\/04\/EntreMel-et-Vous-Marlene-Louisor-scaled-e1714038868891.jpg","width":1706,"height":1326},{"@type":"BreadcrumbList","@id":"https:\/\/www.desmotspourunevie.fr\/index.php\/marlene-louisor\/#breadcrumb","itemListElement":[{"@type":"ListItem","position":1,"name":"Accueil","item":"https:\/\/www.desmotspourunevie.fr\/"},{"@type":"ListItem","position":2,"name":"Marl\u00e8ne Louisor"}]},{"@type":"WebSite","@id":"https:\/\/www.desmotspourunevie.fr\/#website","url":"https:\/\/www.desmotspourunevie.fr\/","name":"Des mots pour une vie","description":"Conf&eacute;renci&egrave;re - &Eacute;crivaine - Biographe","potentialAction":[{"@type":"SearchAction","target":{"@type":"EntryPoint","urlTemplate":"https:\/\/www.desmotspourunevie.fr\/?s={search_term_string}"},"query-input":{"@type":"PropertyValueSpecification","valueRequired":true,"valueName":"search_term_string"}}],"inLanguage":"fr-FR"}]}},"_links":{"self":[{"href":"https:\/\/www.desmotspourunevie.fr\/index.php\/wp-json\/wp\/v2\/pages\/231","targetHints":{"allow":["GET"]}}],"collection":[{"href":"https:\/\/www.desmotspourunevie.fr\/index.php\/wp-json\/wp\/v2\/pages"}],"about":[{"href":"https:\/\/www.desmotspourunevie.fr\/index.php\/wp-json\/wp\/v2\/types\/page"}],"author":[{"embeddable":true,"href":"https:\/\/www.desmotspourunevie.fr\/index.php\/wp-json\/wp\/v2\/users\/1"}],"replies":[{"embeddable":true,"href":"https:\/\/www.desmotspourunevie.fr\/index.php\/wp-json\/wp\/v2\/comments?post=231"}],"version-history":[{"count":18,"href":"https:\/\/www.desmotspourunevie.fr\/index.php\/wp-json\/wp\/v2\/pages\/231\/revisions"}],"predecessor-version":[{"id":540,"href":"https:\/\/www.desmotspourunevie.fr\/index.php\/wp-json\/wp\/v2\/pages\/231\/revisions\/540"}],"wp:featuredmedia":[{"embeddable":true,"href":"https:\/\/www.desmotspourunevie.fr\/index.php\/wp-json\/wp\/v2\/media\/442"}],"wp:attachment":[{"href":"https:\/\/www.desmotspourunevie.fr\/index.php\/wp-json\/wp\/v2\/media?parent=231"}],"curies":[{"name":"wp","href":"https:\/\/api.w.org\/{rel}","templated":true}]}}