{"id":167,"date":"2024-03-22T17:03:19","date_gmt":"2024-03-22T17:03:19","guid":{"rendered":"https:\/\/www.desmotspourunevie.fr\/?page_id=167"},"modified":"2024-04-30T12:41:45","modified_gmt":"2024-04-30T12:41:45","slug":"portraits","status":"publish","type":"page","link":"https:\/\/www.desmotspourunevie.fr\/index.php\/portraits\/","title":{"rendered":"Portraits"},"content":{"rendered":"<p>[et_pb_section fb_built=\u00a0\u00bb1&Prime; admin_label=\u00a0\u00bbAbout Section\u00a0\u00bb _builder_version=\u00a0\u00bb4.16&Prime; background_color=\u00a0\u00bb#f7f7f7&Prime; custom_padding=\u00a0\u00bb11px||10px|||\u00a0\u00bb global_colors_info=\u00a0\u00bb{}\u00a0\u00bb][et_pb_row admin_label=\u00a0\u00bbSection Title\u00a0\u00bb _builder_version=\u00a0\u00bb4.24.2&Prime; custom_margin=\u00a0\u00bb|auto|11px|auto|false|false\u00a0\u00bb custom_padding=\u00a0\u00bb||0px|\u00a0\u00bb global_colors_info=\u00a0\u00bb{}\u00a0\u00bb][et_pb_column type=\u00a0\u00bb4_4&Prime; _builder_version=\u00a0\u00bb4.16&Prime; custom_padding=\u00a0\u00bb|||\u00a0\u00bb global_colors_info=\u00a0\u00bb{}\u00a0\u00bb custom_padding__hover=\u00a0\u00bb|||\u00a0\u00bb][et_pb_post_title meta=\u00a0\u00bboff\u00a0\u00bb featured_image=\u00a0\u00bboff\u00a0\u00bb _builder_version=\u00a0\u00bb4.24.2&Prime; _module_preset=\u00a0\u00bbdefault\u00a0\u00bb title_font=\u00a0\u00bb|800|||||||\u00a0\u00bb title_font_size=\u00a0\u00bb60px\u00a0\u00bb title_line_height=\u00a0\u00bb0.8em\u00a0\u00bb custom_margin=\u00a0\u00bb8px||0px||false|false\u00a0\u00bb global_colors_info=\u00a0\u00bb{}\u00a0\u00bb][\/et_pb_post_title][et_pb_divider color=\u00a0\u00bb#F29502&Prime; divider_weight=\u00a0\u00bb4px\u00a0\u00bb _builder_version=\u00a0\u00bb4.24.2&Prime; _module_preset=\u00a0\u00bbdefault\u00a0\u00bb width=\u00a0\u00bb100%\u00a0\u00bb max_width=\u00a0\u00bb10%\u00a0\u00bb custom_margin=\u00a0\u00bb||0px||false|false\u00a0\u00bb custom_padding=\u00a0\u00bb||0px||false|false\u00a0\u00bb global_colors_info=\u00a0\u00bb{}\u00a0\u00bb][\/et_pb_divider][et_pb_divider show_divider=\u00a0\u00bboff\u00a0\u00bb _builder_version=\u00a0\u00bb4.16&Prime; max_width=\u00a0\u00bb23px\u00a0\u00bb module_alignment=\u00a0\u00bbcenter\u00a0\u00bb animation_style=\u00a0\u00bbslide\u00a0\u00bb animation_direction=\u00a0\u00bbtop\u00a0\u00bb animation_intensity_slide=\u00a0\u00bb20%\u00a0\u00bb animation_starting_opacity=\u00a0\u00bb100%\u00a0\u00bb global_colors_info=\u00a0\u00bb{}\u00a0\u00bb][\/et_pb_divider][\/et_pb_column][\/et_pb_row][et_pb_row _builder_version=\u00a0\u00bb4.24.2&Prime; _module_preset=\u00a0\u00bbdefault\u00a0\u00bb custom_margin=\u00a0\u00bb|auto|-2px|auto||\u00a0\u00bb custom_padding=\u00a0\u00bb7px||0px|||\u00a0\u00bb global_colors_info=\u00a0\u00bb{}\u00a0\u00bb][et_pb_column type=\u00a0\u00bb4_4&Prime; _builder_version=\u00a0\u00bb4.24.2&Prime; _module_preset=\u00a0\u00bbdefault\u00a0\u00bb global_colors_info=\u00a0\u00bb{}\u00a0\u00bb][et_pb_text _builder_version=\u00a0\u00bb4.24.2&Prime; _module_preset=\u00a0\u00bbdefault\u00a0\u00bb text_font_size=\u00a0\u00bb17px\u00a0\u00bb custom_margin=\u00a0\u00bb||58px|||\u00a0\u00bb global_colors_info=\u00a0\u00bb{}\u00a0\u00bb]<\/p>\n<p style=\"font-weight: 400;\">Vous cherchez une mani\u00e8re de vous pr\u00e9senter diff\u00e9rente de ce que vous connaissez d\u00e9j\u00e0\u00a0?<\/p>\n<p style=\"font-weight: 400;\">Racontez-moi qui vous \u00eates et je raconterai ce que vous fa\u00eetes !<\/p>\n<p style=\"font-weight: 400;\">En tant que professionnel, il est parfois plus difficile de parler de soi et on ne se voit pas toujours comme l\u2019on est.<\/p>\n<p style=\"font-weight: 400;\">\u00c0 travers une interview de 45 minutes lors desquelles je vais m\u2019int\u00e9resser \u00e0 la personne que vous \u00eates avant de m\u2019int\u00e9resser au professionnel, je vous propose d\u2019\u00e9crire <span>de quelle mani\u00e8re je vous per\u00e7ois<\/span> \u00e0 travers vos r\u00e9ponses.<\/p>\n<p style=\"font-weight: 400;\">Je vous poserais quelques questions pour vous guider, vous orienter, et je vous expliquerais pourquoi, il est important de parler de soi pour parler de son activit\u00e9.<\/p>\n<p style=\"font-weight: 400;\">Chaque client a besoin de s\u2019identifier \u00e0 vous et si dans votre portrait, il peut se retrouver, alors il fera plus volontiers appel \u00e0 vos services car il aura la sensation de vous conna\u00eetre un tant soit peu.<\/p>\n<p style=\"font-weight: 400;\">Parler de soi, se livrer est un exercice difficile pour certains, je saurais faire preuve d\u2019\u00e9coute et d\u2019empathie afin que vous puissiez vous livrer en toute confiance.<\/p>\n<p style=\"font-weight: 400;\">Le portrait, c\u2019est une mini biographie qui se pr\u00e9sente sous un format A4 recto-verso avec votre photo, votre logo, vos coordonn\u00e9es et votre charte de couleurs. Vous pourrez l\u2019utiliser sur votre site internet comme sur vos r\u00e9seaux sociaux et, de mani\u00e8re g\u00e9n\u00e9rale pour votre communication \u00e9crite.<\/p>\n<p style=\"font-weight: 400;\">C\u2019est une mani\u00e8re tr\u00e8s singuli\u00e8re de vous pr\u00e9senter \u00e0 travers mon regard, ma perception et mes ressentis.<\/p>\n<p>[\/et_pb_text][et_pb_text admin_label=\u00a0\u00bbTitle\u00a0\u00bb _builder_version=\u00a0\u00bb4.24.3&Prime; text_font=\u00a0\u00bb||||||||\u00a0\u00bb header_font=\u00a0\u00bb||||||||\u00a0\u00bb header_2_font=\u00a0\u00bb|600|||||||\u00a0\u00bb header_2_text_align=\u00a0\u00bbcenter\u00a0\u00bb header_2_font_size=\u00a0\u00bb50px\u00a0\u00bb custom_margin=\u00a0\u00bb||18px|||\u00a0\u00bb animation_direction=\u00a0\u00bbtop\u00a0\u00bb global_colors_info=\u00a0\u00bb{}\u00a0\u00bb]<\/p>\n<h2>Les derniers portraits<\/h2>\n<p>[\/et_pb_text][\/et_pb_column][\/et_pb_row][et_pb_row column_structure=\u00a0\u00bb1_2,1_2&Prime; _builder_version=\u00a0\u00bb4.24.3&Prime; _module_preset=\u00a0\u00bbdefault\u00a0\u00bb custom_margin=\u00a0\u00bb|auto|34px|auto||\u00a0\u00bb custom_padding=\u00a0\u00bb4px|||||\u00a0\u00bb global_colors_info=\u00a0\u00bb{}\u00a0\u00bb][et_pb_column type=\u00a0\u00bb1_2&Prime; _builder_version=\u00a0\u00bb4.24.3&Prime; _module_preset=\u00a0\u00bbdefault\u00a0\u00bb global_colors_info=\u00a0\u00bb{}\u00a0\u00bb][et_pb_text _builder_version=\u00a0\u00bb4.24.3&Prime; _module_preset=\u00a0\u00bbdefault\u00a0\u00bb text_font_size=\u00a0\u00bb18px\u00a0\u00bb text_line_height=\u00a0\u00bb0.9em\u00a0\u00bb global_colors_info=\u00a0\u00bb{}\u00a0\u00bb]<\/p>\n<p><a href=\"https:\/\/www.desmotspourunevie.fr\/wp-content\/uploads\/2024\/04\/Nathalie-Debuisne-Coach-et-bilans-de-competences.pdf\">Nathalie Debuisne &#8211; Coach &amp; bilans de comp\u00e9tence<\/a><\/p>\n<p><a href=\"https:\/\/www.desmotspourunevie.fr\/wp-content\/uploads\/2024\/04\/Bernard-Jacqmin-Artech-Habitat.pdf\">Bernard Jacqmin &#8211; Artech Habitat<\/a><\/p>\n<p><a href=\"https:\/\/www.desmotspourunevie.fr\/wp-content\/uploads\/2024\/04\/Portrait-Valerie-Bauge-Coach-et-bialns-de-competences.pdf\">Val\u00e9rie Baug\u00e9 &#8211; Coach &amp; bilans de comp\u00e9tence<\/a><\/p>\n<p><a href=\"https:\/\/www.desmotspourunevie.fr\/wp-content\/uploads\/2024\/04\/Stephane-Vogel-experviseur.pdf\">St\u00e9phane Vogel &#8211; Experviseur<\/a><\/p>\n<p><a href=\"https:\/\/www.desmotspourunevie.fr\/wp-content\/uploads\/2024\/04\/Nelly-Charraud-numerologue.pdf\">Nelly Charraud &#8211; Num\u00e9rologue<\/a><\/p>\n<p><a href=\"https:\/\/www.desmotspourunevie.fr\/wp-content\/uploads\/2024\/04\/Habibata-Soumare-Valeurs-sociales-Part-nair.pdf\">Habibata Soumar\u00e9 -Valeurs sociales Partnair<\/a><\/p>\n<p>[\/et_pb_text][\/et_pb_column][et_pb_column type=\u00a0\u00bb1_2&Prime; _builder_version=\u00a0\u00bb4.24.3&Prime; _module_preset=\u00a0\u00bbdefault\u00a0\u00bb global_colors_info=\u00a0\u00bb{}\u00a0\u00bb][et_pb_text _builder_version=\u00a0\u00bb4.24.3&Prime; _module_preset=\u00a0\u00bbdefault\u00a0\u00bb text_font_size=\u00a0\u00bb18px\u00a0\u00bb text_line_height=\u00a0\u00bb0.9em\u00a0\u00bb global_colors_info=\u00a0\u00bb{}\u00a0\u00bb]<\/p>\n<p><a href=\"https:\/\/www.desmotspourunevie.fr\/wp-content\/uploads\/2024\/04\/Frederique-Seguy-Praticienne-en-integration-des-reflexes-archaiques.pdf\">Fr\u00e9d\u00e9rique Seguy- Praticienne en int\u00e9gration des r\u00e9flexes archaiques<\/a><\/p>\n<p><a href=\"https:\/\/www.desmotspourunevie.fr\/wp-content\/uploads\/2024\/04\/Gilles-Boyer-Euklead-et-Ebitdata.pdf\">Gilles Boyer -Euklead et Ebitdata<\/a><\/p>\n<p><a href=\"https:\/\/www.desmotspourunevie.fr\/wp-content\/uploads\/2024\/04\/Portrait-Beatrice-Thibaut.pdf\">B\u00e9atrice Thibaut &#8211; BtoCom &#8211; Sites internet<\/a><\/p>\n<p><a href=\"https:\/\/www.desmotspourunevie.fr\/wp-content\/uploads\/2024\/04\/Virginie-Tondini-Abeille-Assurances.pdf\">Virginie De Carvalho &#8211; Assurances<\/a><\/p>\n<p><a href=\"https:\/\/www.desmotspourunevie.fr\/wp-content\/uploads\/2024\/04\/ADSR-Siganlisation-routiere-et-Thermacote.pdf\">ADSR &#8211; Siganlisation routi\u00e8re et Thermacote<\/a><\/p>\n<p>[\/et_pb_text][\/et_pb_column][\/et_pb_row][\/et_pb_section][et_pb_section fb_built=\u00a0\u00bb1&Prime; _builder_version=\u00a0\u00bb4.24.2&Prime; _module_preset=\u00a0\u00bbdefault\u00a0\u00bb background_enable_color=\u00a0\u00bboff\u00a0\u00bb custom_margin=\u00a0\u00bb0px||0px||true|false\u00a0\u00bb custom_padding=\u00a0\u00bb0px||0px||true|false\u00a0\u00bb global_colors_info=\u00a0\u00bb{}\u00a0\u00bb][et_pb_row column_structure=\u00a0\u00bb1_3,1_3,1_3&Prime; use_custom_gutter=\u00a0\u00bbon\u00a0\u00bb gutter_width=\u00a0\u00bb1&Prime; _builder_version=\u00a0\u00bb4.24.2&Prime; _module_preset=\u00a0\u00bbdefault\u00a0\u00bb width=\u00a0\u00bb100%\u00a0\u00bb max_width=\u00a0\u00bb100%\u00a0\u00bb min_height=\u00a0\u00bb250px\u00a0\u00bb height=\u00a0\u00bb250px\u00a0\u00bb max_height=\u00a0\u00bb250px\u00a0\u00bb custom_margin=\u00a0\u00bb0px||0px||true|false\u00a0\u00bb custom_padding=\u00a0\u00bb0px||0px||true|false\u00a0\u00bb global_colors_info=\u00a0\u00bb{}\u00a0\u00bb][et_pb_column type=\u00a0\u00bb1_3&Prime; _builder_version=\u00a0\u00bb4.24.2&Prime; _module_preset=\u00a0\u00bbdefault\u00a0\u00bb background_enable_image=\u00a0\u00bboff\u00a0\u00bb global_colors_info=\u00a0\u00bb{}\u00a0\u00bb][et_pb_divider show_divider=\u00a0\u00bboff\u00a0\u00bb _builder_version=\u00a0\u00bb4.25.0&Prime; _module_preset=\u00a0\u00bbdefault\u00a0\u00bb use_background_color_gradient=\u00a0\u00bbon\u00a0\u00bb background_color_gradient_direction=\u00a0\u00bb107deg\u00a0\u00bb background_color_gradient_stops=\u00a0\u00bbrgba(255,255,255,0.05) 85%|#f29502 85%|#f29502 100%\u00a0\u00bb background_color_gradient_overlays_image=\u00a0\u00bbon\u00a0\u00bb background_image=\u00a0\u00bbhttps:\/\/www.desmotspourunevie.fr\/wp-content\/uploads\/2024\/04\/Capture-decran-2024-04-24-a-18.29.45-e1713976509220.png\u00a0\u00bb min_height=\u00a0\u00bb250px\u00a0\u00bb height=\u00a0\u00bb250px\u00a0\u00bb max_height=\u00a0\u00bb250px\u00a0\u00bb global_colors_info=\u00a0\u00bb{}\u00a0\u00bb][\/et_pb_divider][\/et_pb_column][et_pb_column type=\u00a0\u00bb1_3&Prime; _builder_version=\u00a0\u00bb4.24.2&Prime; _module_preset=\u00a0\u00bbdefault\u00a0\u00bb global_colors_info=\u00a0\u00bb{}\u00a0\u00bb][et_pb_divider show_divider=\u00a0\u00bboff\u00a0\u00bb _builder_version=\u00a0\u00bb4.25.0&Prime; _module_preset=\u00a0\u00bbdefault\u00a0\u00bb use_background_color_gradient=\u00a0\u00bbon\u00a0\u00bb background_color_gradient_direction=\u00a0\u00bb107deg\u00a0\u00bb background_color_gradient_stops=\u00a0\u00bb#f29502 0%|#f29502 17%|rgba(255, 255, 255, 0.05) 17%|rgba(255,255,255,0.05) 85%|#f29502 85%|#f29502 100%\u00a0\u00bb background_color_gradient_overlays_image=\u00a0\u00bbon\u00a0\u00bb background_image=\u00a0\u00bbhttps:\/\/www.desmotspourunevie.fr\/wp-content\/uploads\/2024\/04\/Capture-decran-2024-04-24-a-18.29.18-e1713976531889.png\u00a0\u00bb min_height=\u00a0\u00bb250px\u00a0\u00bb height=\u00a0\u00bb250px\u00a0\u00bb max_height=\u00a0\u00bb250px\u00a0\u00bb global_colors_info=\u00a0\u00bb{}\u00a0\u00bb][\/et_pb_divider][\/et_pb_column][et_pb_column type=\u00a0\u00bb1_3&Prime; _builder_version=\u00a0\u00bb4.24.2&Prime; _module_preset=\u00a0\u00bbdefault\u00a0\u00bb global_colors_info=\u00a0\u00bb{}\u00a0\u00bb][et_pb_divider show_divider=\u00a0\u00bboff\u00a0\u00bb _builder_version=\u00a0\u00bb4.25.0&Prime; _module_preset=\u00a0\u00bbdefault\u00a0\u00bb use_background_color_gradient=\u00a0\u00bbon\u00a0\u00bb background_color_gradient_direction=\u00a0\u00bb107deg\u00a0\u00bb background_color_gradient_stops=\u00a0\u00bb#f29502 0%|#f29502 17%|rgba(255, 255, 255, 0.05) 17%|rgba(255,255,255,0.05) 85%|rgba(255,255,255,0) 100%|rgba(255,255,255,0) 100%\u00a0\u00bb background_color_gradient_overlays_image=\u00a0\u00bbon\u00a0\u00bb background_image=\u00a0\u00bbhttps:\/\/www.desmotspourunevie.fr\/wp-content\/uploads\/2024\/04\/Capture-decran-2024-04-24-a-18.28.37-e1713976549970.png\u00a0\u00bb min_height=\u00a0\u00bb250px\u00a0\u00bb height=\u00a0\u00bb250px\u00a0\u00bb max_height=\u00a0\u00bb250px\u00a0\u00bb global_colors_info=\u00a0\u00bb{}\u00a0\u00bb][\/et_pb_divider][\/et_pb_column][\/et_pb_row][\/et_pb_section][et_pb_section fb_built=\u00a0\u00bb1&Prime; _builder_version=\u00a0\u00bb4.24.2&Prime; _module_preset=\u00a0\u00bbdefault\u00a0\u00bb global_colors_info=\u00a0\u00bb{}\u00a0\u00bb][et_pb_row _builder_version=\u00a0\u00bb4.24.2&Prime; _module_preset=\u00a0\u00bbdefault\u00a0\u00bb global_colors_info=\u00a0\u00bb{}\u00a0\u00bb][et_pb_column type=\u00a0\u00bb4_4&Prime; _builder_version=\u00a0\u00bb4.24.2&Prime; _module_preset=\u00a0\u00bbdefault\u00a0\u00bb global_colors_info=\u00a0\u00bb{}\u00a0\u00bb][et_pb_text admin_label=\u00a0\u00bbTitle\u00a0\u00bb _builder_version=\u00a0\u00bb4.24.2&Prime; text_font=\u00a0\u00bb||||||||\u00a0\u00bb header_font=\u00a0\u00bb||||||||\u00a0\u00bb header_2_font=\u00a0\u00bb|600|||||||\u00a0\u00bb header_2_text_align=\u00a0\u00bbcenter\u00a0\u00bb header_2_font_size=\u00a0\u00bb50px\u00a0\u00bb custom_margin=\u00a0\u00bb||18px|||\u00a0\u00bb animation_direction=\u00a0\u00bbtop\u00a0\u00bb global_colors_info=\u00a0\u00bb{}\u00a0\u00bb]<\/p>\n<h2>Votre portrait \u00e9tape par \u00e9tape<\/h2>\n<p>[\/et_pb_text][et_pb_text _builder_version=\u00a0\u00bb4.24.2&Prime; _module_preset=\u00a0\u00bbdefault\u00a0\u00bb text_font_size=\u00a0\u00bb17px\u00a0\u00bb custom_margin=\u00a0\u00bb||78px|||\u00a0\u00bb global_colors_info=\u00a0\u00bb{}\u00a0\u00bb]<\/p>\n<p style=\"font-weight: 400;\">Parce que ce n\u2019est pas si simple de parler de soi,<\/p>\n<p style=\"font-weight: 400;\">Parce qu\u2019il est important de se d\u00e9marquer des autres,<\/p>\n<p style=\"font-weight: 400;\">Parce que la page de pr\u00e9sentation de votre site internet doit avant tout vous repr\u00e9senter,<\/p>\n<p style=\"font-weight: 400;\">Essayez une mani\u00e8re plus singuli\u00e8re de vous pr\u00e9senter,<\/p>\n<p style=\"font-weight: 400;\">Faites appel au portrait\u00a0!<\/p>\n<p style=\"font-weight: 400;\">Un portrait c\u2019est\u00a0:<\/p>\n<ul>\n<li>45 minutes d\u2019interview<\/li>\n<li>Une photo de vous en dehors de votre cadre professionnel<\/li>\n<li>Un texte format A4 recto-verso remis en format PDF ou JPEG<\/li>\n<li>Une pr\u00e9sentation respectant votre charte de couleurs et votre logo<\/li>\n<li>Votre histoire, votre parcours racont\u00e9s par une autre personne que vous\u00a0!<\/li>\n<\/ul>\n<p style=\"font-weight: 400;\">Qu\u2019attendez-vous\u00a0?&#8230;<\/p>\n<p>[\/et_pb_text][et_pb_text admin_label=\u00a0\u00bbTitle\u00a0\u00bb _builder_version=\u00a0\u00bb4.24.3&Prime; text_font=\u00a0\u00bb||||||||\u00a0\u00bb header_font=\u00a0\u00bb||||||||\u00a0\u00bb header_2_font=\u00a0\u00bb|600|||||||\u00a0\u00bb header_2_text_align=\u00a0\u00bbcenter\u00a0\u00bb header_2_font_size=\u00a0\u00bb50px\u00a0\u00bb custom_margin=\u00a0\u00bb||18px|||\u00a0\u00bb animation_direction=\u00a0\u00bbtop\u00a0\u00bb global_colors_info=\u00a0\u00bb{}\u00a0\u00bb]<\/p>\n<h2>Foire aux questions<\/h2>\n<p>[\/et_pb_text][dsm_faq dsm_make_accordion_toggle=\u00a0\u00bbon\u00a0\u00bb dsm_open_faq_item=\u00a0\u00bbon\u00a0\u00bb dsm_open_font_icon=\u00a0\u00bb&#x47;||divi||400&Prime; dsm_close_font_icon=\u00a0\u00bb&#x49;||divi||400&Prime; _builder_version=\u00a0\u00bb4.24.3&Prime; _module_preset=\u00a0\u00bbdefault\u00a0\u00bb header_font=\u00a0\u00bb|700|||||||\u00a0\u00bb header_font_size=\u00a0\u00bb35px\u00a0\u00bb header_line_height=\u00a0\u00bb1.3em\u00a0\u00bb global_colors_info=\u00a0\u00bb{}\u00a0\u00bb][dsm_faq_child dsm_title=\u00a0\u00bbComment se d\u00e9roule un rdv pour un portrait ?\u00a0\u00bb dsm_content=\u00a0\u00bb<\/p>\n<p style=%22font-weight: 400;%22>En individuel. Je vous interviewe en vous guidant suivant un fil conducteur pour vous amener \u00e0 parler de vous en toute confiance, simplicit\u00e9 et authenticit\u00e9.<\/p>\n<p>\u00a0\u00bb dsm_child_open_font_icon=\u00a0\u00bb&#x47;||divi||400&Prime; dsm_child_close_font_icon=\u00a0\u00bb&#x49;||divi||400&Prime; _builder_version=\u00a0\u00bb4.24.3&Prime; _module_preset=\u00a0\u00bbdefault\u00a0\u00bb global_colors_info=\u00a0\u00bb{}\u00a0\u00bb parentOrderClass=\u00a0\u00bbdsm_faq_0&Prime;][\/dsm_faq_child][dsm_faq_child dsm_title=\u00a0\u00bbCombien de temps dure le portrait ?\u00a0\u00bb dsm_content=\u00a0\u00bb<\/p>\n<p style=%22font-weight: 400;%22>45 minutes. Comptez 1h30 avec la pr\u00e9sentation et le d\u00e9briefing apr\u00e8s et 1 \u00e0 2 semaines pour l\u2019obtenir.<\/p>\n<p>\u00a0\u00bb _builder_version=\u00a0\u00bb4.24.3&Prime; _module_preset=\u00a0\u00bbdefault\u00a0\u00bb global_colors_info=\u00a0\u00bb{}\u00a0\u00bb parentOrderClass=\u00a0\u00bbdsm_faq_0&Prime;][\/dsm_faq_child][dsm_faq_child dsm_title=\u00a0\u00bbA qui s\u2019adresse-t-il ?\u00a0\u00bb dsm_content=\u00a0\u00bb<\/p>\n<p style=%22font-weight: 400;%22>De mani\u00e8re g\u00e9n\u00e9rale \u00e0 tous chefs d\u2019entreprise, dirigeants, chefs d\u2019\u00e9quipe, auto entrepreneurs, tout professionnel qui souhaite se pr\u00e9senter d\u2019une mani\u00e8re plus personnelle et singuli\u00e8re afin que le client puisse plus facilement s\u2019identifier \u00e0 lui ou \u00e0 elle et lui faire confiance.<\/p>\n<p>\u00a0\u00bb _builder_version=\u00a0\u00bb4.24.3&Prime; _module_preset=\u00a0\u00bbdefault\u00a0\u00bb global_colors_info=\u00a0\u00bb{}\u00a0\u00bb parentOrderClass=\u00a0\u00bbdsm_faq_0&Prime;][\/dsm_faq_child][dsm_faq_child dsm_title=\u00a0\u00bbPuis-je faire des corrections ?\u00a0\u00bb dsm_content=\u00a0\u00bb<\/p>\n<p style=%22font-weight: 400;%22>Oui mais pas plus de 3 allers\/retours et en respectant toutefois, la trame du mod\u00e8le pour la pr\u00e9sentation finale.<\/p>\n<p>\u00a0\u00bb _builder_version=\u00a0\u00bb4.24.3&Prime; _module_preset=\u00a0\u00bbdefault\u00a0\u00bb global_colors_info=\u00a0\u00bb{}\u00a0\u00bb parentOrderClass=\u00a0\u00bbdsm_faq_0&Prime;][\/dsm_faq_child][dsm_faq_child dsm_title=\u00a0\u00bbO\u00f9 se d\u00e9roule le rdv ?\u00a0\u00bb dsm_content=\u00a0\u00bb<\/p>\n<p style=%22font-weight: 400;%22>Au sein de l\u2019entreprise, \u00e0 domicile ou dans les espaces de coworking lou\u00e9s \u00e0 cet effet.<\/p>\n<p>\u00a0\u00bb _builder_version=\u00a0\u00bb4.24.3&Prime; _module_preset=\u00a0\u00bbdefault\u00a0\u00bb global_colors_info=\u00a0\u00bb{}\u00a0\u00bb parentOrderClass=\u00a0\u00bbdsm_faq_0&Prime;][\/dsm_faq_child][dsm_faq_child dsm_title=\u00a0\u00bbComment s\u2019inscrire ?\u00a0\u00bb dsm_content=\u00a0\u00bb<\/p>\n<p style=%22font-weight: 400;%22>Par mail \u00e0 : <a href=%22mailto:marlenelouisor@desmotspourunevie.fr%22>marlenelouisor@desmotspourunevie.fr<\/a>, par t\u00e9l\u00e9phone au : 06 99 52 97 91 ou en message priv\u00e9 sur mes publications Facebook et LinkedIn.<\/p>\n<p>\u00a0\u00bb _builder_version=\u00a0\u00bb4.24.3&Prime; _module_preset=\u00a0\u00bbdefault\u00a0\u00bb global_colors_info=\u00a0\u00bb{}\u00a0\u00bb parentOrderClass=\u00a0\u00bbdsm_faq_0&Prime;][\/dsm_faq_child][dsm_faq_child dsm_title=\u00a0\u00bbCombien \u00e7a co\u00fbte ?\u00a0\u00bb dsm_content=\u00a0\u00bb<\/p>\n<ul>\n<li>230 \u20ac par personne (<em>prix avec photo, logo, coordonn\u00e9es t\u00e9l\u00e9phoniques et pr\u00e9sentation PDF et JPEG en format A4 recto-verso<\/em>)<\/li>\n<li>350 \u20ac avec 20 photos professionnelles suppl\u00e9mentaires r\u00e9alis\u00e9es par une photographe professionnelle.<\/li>\n<li>\u00c0 cela, s\u2019ajoute les frais de d\u00e9placements calcul\u00e9s suivant le bar\u00e8me URSSAF.<\/li>\n<\/ul>\n<p>\u00a0\u00bb _builder_version=\u00a0\u00bb4.24.3&Prime; _module_preset=\u00a0\u00bbdefault\u00a0\u00bb global_colors_info=\u00a0\u00bb{}\u00a0\u00bb parentOrderClass=\u00a0\u00bbdsm_faq_0&Prime;][\/dsm_faq_child][\/dsm_faq][\/et_pb_column][\/et_pb_row][\/et_pb_section][et_pb_section fb_built=\u00a0\u00bb1&Prime; _builder_version=\u00a0\u00bb4.24.2&Prime; _module_preset=\u00a0\u00bbdefault\u00a0\u00bb background_image=\u00a0\u00bbhttps:\/\/www.desmotspourunevie.fr\/wp-content\/uploads\/2024\/02\/marlene-louisor-biographe.jpg\u00a0\u00bb custom_margin=\u00a0\u00bb||-3px||false|false\u00a0\u00bb custom_padding=\u00a0\u00bb0px||0px||true|false\u00a0\u00bb global_colors_info=\u00a0\u00bb{}\u00a0\u00bb][et_pb_row column_structure=\u00a0\u00bb1_3,1_3,1_3&Prime; use_custom_gutter=\u00a0\u00bbon\u00a0\u00bb gutter_width=\u00a0\u00bb1&Prime; make_equal=\u00a0\u00bbon\u00a0\u00bb _builder_version=\u00a0\u00bb4.24.2&Prime; _module_preset=\u00a0\u00bbdefault\u00a0\u00bb width=\u00a0\u00bb100%\u00a0\u00bb max_width=\u00a0\u00bb100%\u00a0\u00bb custom_margin=\u00a0\u00bb0px|0px|0px|0px|true|true\u00a0\u00bb custom_padding=\u00a0\u00bb0px|0px|0px|0px|true|true\u00a0\u00bb global_colors_info=\u00a0\u00bb{}\u00a0\u00bb][et_pb_column type=\u00a0\u00bb1_3&Prime; _builder_version=\u00a0\u00bb4.24.2&Prime; _module_preset=\u00a0\u00bbdefault\u00a0\u00bb use_background_color_gradient=\u00a0\u00bbon\u00a0\u00bb background_color_gradient_direction=\u00a0\u00bb110deg\u00a0\u00bb background_color_gradient_stops=\u00a0\u00bbrgba(255,255,255,0) 81%|rgba(115,93,59,0.74) 81%|rgba(115,93,59,0.74) 100%\u00a0\u00bb global_colors_info=\u00a0\u00bb{}\u00a0\u00bb][et_pb_divider show_divider=\u00a0\u00bboff\u00a0\u00bb _builder_version=\u00a0\u00bb4.24.2&Prime; _module_preset=\u00a0\u00bbdefault\u00a0\u00bb global_colors_info=\u00a0\u00bb{}\u00a0\u00bb][\/et_pb_divider][\/et_pb_column][et_pb_column type=\u00a0\u00bb1_3&Prime; _builder_version=\u00a0\u00bb4.24.2&Prime; _module_preset=\u00a0\u00bbdefault\u00a0\u00bb global_colors_info=\u00a0\u00bb{}\u00a0\u00bb][et_pb_cta title=\u00a0\u00bbContactez-moi\u00a0\u00bb button_url=\u00a0\u00bbtel:0699529791&Prime; button_text=\u00a0\u00bbAppeler\u00a0\u00bb _builder_version=\u00a0\u00bb4.25.0&Prime; _module_preset=\u00a0\u00bbdefault\u00a0\u00bb header_font=\u00a0\u00bb|800|||||||\u00a0\u00bb header_font_size=\u00a0\u00bb36px\u00a0\u00bb body_font_size=\u00a0\u00bb17px\u00a0\u00bb background_color=\u00a0\u00bbrgba(115,93,59,0.74)\u00a0\u00bb custom_button=\u00a0\u00bbon\u00a0\u00bb button_text_color=\u00a0\u00bb#FFFFFF\u00a0\u00bb button_icon=\u00a0\u00bb&#xf095;||fa||900&Prime; button_on_hover=\u00a0\u00bboff\u00a0\u00bb global_colors_info=\u00a0\u00bb{}\u00a0\u00bb button_bg_color__hover_enabled=\u00a0\u00bbon|desktop\u00a0\u00bb button_text_color__hover_enabled=\u00a0\u00bbon|desktop\u00a0\u00bb button_text_color__hover=\u00a0\u00bb#FFFFFF\u00a0\u00bb]<\/p>\n<div><span>Prenons le temps d\u2019\u00e9changer sur l\u2019objectif du portrait et comment l\u2019utiliser\u2026\u00a0<\/span><\/div>\n<p>[\/et_pb_cta][\/et_pb_column][et_pb_column type=\u00a0\u00bb1_3&Prime; _builder_version=\u00a0\u00bb4.24.2&Prime; _module_preset=\u00a0\u00bbdefault\u00a0\u00bb use_background_color_gradient=\u00a0\u00bbon\u00a0\u00bb background_color_gradient_direction=\u00a0\u00bb110deg\u00a0\u00bb background_color_gradient_stops=\u00a0\u00bbrgba(115,93,59,0.74) 0%|rgba(115,93,59,0.74) 17%|rgba(255,255,255,0) 17%\u00a0\u00bb global_colors_info=\u00a0\u00bb{}\u00a0\u00bb][\/et_pb_column][\/et_pb_row][\/et_pb_section][et_pb_section fb_built=\u00a0\u00bb1&Prime; admin_label=\u00a0\u00bbAbout Section\u00a0\u00bb _builder_version=\u00a0\u00bb4.16&Prime; background_color=\u00a0\u00bb#f7f7f7&Prime; custom_padding=\u00a0\u00bb44px||92px|||\u00a0\u00bb global_colors_info=\u00a0\u00bb{}\u00a0\u00bb][et_pb_row _builder_version=\u00a0\u00bb4.24.2&Prime; _module_preset=\u00a0\u00bbdefault\u00a0\u00bb global_colors_info=\u00a0\u00bb{}\u00a0\u00bb][et_pb_column type=\u00a0\u00bb4_4&Prime; _builder_version=\u00a0\u00bb4.24.2&Prime; _module_preset=\u00a0\u00bbdefault\u00a0\u00bb global_colors_info=\u00a0\u00bb{}\u00a0\u00bb][et_pb_text admin_label=\u00a0\u00bbTitle\u00a0\u00bb _builder_version=\u00a0\u00bb4.24.2&Prime; text_font=\u00a0\u00bb||||||||\u00a0\u00bb header_font=\u00a0\u00bb||||||||\u00a0\u00bb header_2_font=\u00a0\u00bb|600|||||||\u00a0\u00bb header_2_text_align=\u00a0\u00bbcenter\u00a0\u00bb header_2_font_size=\u00a0\u00bb50px\u00a0\u00bb custom_margin=\u00a0\u00bb||-12px|||\u00a0\u00bb animation_direction=\u00a0\u00bbtop\u00a0\u00bb global_colors_info=\u00a0\u00bb{}\u00a0\u00bb]<\/p>\n<h2>T\u00e9moignages<\/h2>\n<p>[\/et_pb_text][\/et_pb_column][\/et_pb_row][et_pb_row column_structure=\u00a0\u00bb1_3,1_3,1_3&Prime; _builder_version=\u00a0\u00bb4.24.2&Prime; _module_preset=\u00a0\u00bbdefault\u00a0\u00bb global_colors_info=\u00a0\u00bb{}\u00a0\u00bb][et_pb_column type=\u00a0\u00bb1_3&Prime; _builder_version=\u00a0\u00bb4.24.2&Prime; _module_preset=\u00a0\u00bbdefault\u00a0\u00bb global_colors_info=\u00a0\u00bb{}\u00a0\u00bb][et_pb_testimonial author=\u00a0\u00bbHabi S.\u00a0\u00bb quote_icon_color=\u00a0\u00bb#735D3B\u00a0\u00bb use_icon_font_size=\u00a0\u00bbon\u00a0\u00bb icon_font_size=\u00a0\u00bb40px\u00a0\u00bb _builder_version=\u00a0\u00bb4.24.3&Prime; _module_preset=\u00a0\u00bbdefault\u00a0\u00bb body_text_color=\u00a0\u00bb#FFFFFF\u00a0\u00bb body_font_size=\u00a0\u00bb14px\u00a0\u00bb body_line_height=\u00a0\u00bb1.4em\u00a0\u00bb author_text_color=\u00a0\u00bb#FFFFFF\u00a0\u00bb author_line_height=\u00a0\u00bb1.1em\u00a0\u00bb background_color=\u00a0\u00bb#594C36&Prime; global_colors_info=\u00a0\u00bb{}\u00a0\u00bb]<\/p>\n<p style=\"font-weight: 400;\">Il me tenait \u00e0 c\u0153ur de faire une pr\u00e9sentation \u00e9crite qui se rapproche le plus de la r\u00e9alit\u00e9. J\u2019ai trouv\u00e9 \u00e0 travers \u201cDes mots pour une vie\u201d la solution qui m\u2019a permise de faire v\u00e9hiculer ma vraie nature. Je souhaitais que mon portrait soit au plus pr\u00e8s des valeurs que je souhaite v\u00e9hiculer \u00e0 travers mon projet professionnel. Marl\u00e8ne a largement su me d\u00e9crire simplement \u00e0 travers des mots. J\u2019ai pass\u00e9 un agr\u00e9able moment en sa compagnie. Marl\u00e8ne est \u00e0 l\u2019\u00e9coute et nous mets en confiance sans aucun jugement. De plus, sa joie de vivre est contagieuse. \u00c7a a \u00e9t\u00e9 tr\u00e8s facile de se livrer. C\u2019\u00e9tait une tr\u00e8s bonne th\u00e9rapie. Merci<\/p>\n<p>[\/et_pb_testimonial][\/et_pb_column][et_pb_column type=\u00a0\u00bb1_3&Prime; _builder_version=\u00a0\u00bb4.24.2&Prime; _module_preset=\u00a0\u00bbdefault\u00a0\u00bb global_colors_info=\u00a0\u00bb{}\u00a0\u00bb][et_pb_testimonial author=\u00a0\u00bbDominique L.\u00a0\u00bb quote_icon_color=\u00a0\u00bb#735D3B\u00a0\u00bb use_icon_font_size=\u00a0\u00bbon\u00a0\u00bb icon_font_size=\u00a0\u00bb40px\u00a0\u00bb _builder_version=\u00a0\u00bb4.24.3&Prime; _module_preset=\u00a0\u00bbdefault\u00a0\u00bb body_text_color=\u00a0\u00bb#FFFFFF\u00a0\u00bb body_font_size=\u00a0\u00bb17px\u00a0\u00bb author_text_color=\u00a0\u00bb#FFFFFF\u00a0\u00bb author_line_height=\u00a0\u00bb1.1em\u00a0\u00bb background_color=\u00a0\u00bb#594C36&Prime; global_colors_info=\u00a0\u00bb{}\u00a0\u00bb]<\/p>\n<p style=\"font-weight: 400;\">Merci Marl\u00e8ne pour le beau portrait r\u00e9alis\u00e9 pour St\u00e9phane et moi-m\u00eame. Que ce soit professionnel pour notre soci\u00e9t\u00e9 ADSR et m\u00eame pour le perso, nous avons que de bons retours. Le portrait est un beau support original et c&rsquo;\u00e9tait aussi un bel exercice pour mieux se conna\u00eetre. Merci beau rayon de soleil<\/p>\n<p>[\/et_pb_testimonial][\/et_pb_column][et_pb_column type=\u00a0\u00bb1_3&Prime; _builder_version=\u00a0\u00bb4.24.2&Prime; _module_preset=\u00a0\u00bbdefault\u00a0\u00bb global_colors_info=\u00a0\u00bb{}\u00a0\u00bb][et_pb_testimonial author=\u00a0\u00bbVirginie DC.\u00a0\u00bb quote_icon_color=\u00a0\u00bb#735D3B\u00a0\u00bb use_icon_font_size=\u00a0\u00bbon\u00a0\u00bb icon_font_size=\u00a0\u00bb40px\u00a0\u00bb _builder_version=\u00a0\u00bb4.24.3&Prime; _module_preset=\u00a0\u00bbdefault\u00a0\u00bb body_text_color=\u00a0\u00bb#FFFFFF\u00a0\u00bb body_font_size=\u00a0\u00bb17px\u00a0\u00bb author_text_color=\u00a0\u00bb#FFFFFF\u00a0\u00bb author_line_height=\u00a0\u00bb1.1em\u00a0\u00bb background_color=\u00a0\u00bb#594C36&Prime; global_colors_info=\u00a0\u00bb{}\u00a0\u00bb]<\/p>\n<p style=\"font-weight: 400;\">J&rsquo;ai fait appel \u00e0 Marl\u00e8ne pour enrichir mon nouveau site internet pour mon agence, un portrait de moi en tant que femme et g\u00e9rante,<br \/>Marl\u00e8ne est tr\u00e8s \u00e0 l&rsquo;\u00e9coute et a su retranscrire ma personnalit\u00e9, un grand merci, par ailleurs elle est tr\u00e8s agr\u00e9able et dynamique je vous la recommande \ud83d\ude42<\/p>\n<p>[\/et_pb_testimonial][\/et_pb_column][\/et_pb_row][\/et_pb_section]<\/p>\n","protected":false},"excerpt":{"rendered":"<p>Vous cherchez une mani\u00e8re de vous pr\u00e9senter diff\u00e9rente de ce que vous connaissez d\u00e9j\u00e0\u00a0? Racontez-moi qui vous \u00eates et je raconterai ce que vous fa\u00eetes ! En tant que professionnel, il est parfois plus difficile de parler de soi et on ne se voit pas toujours comme l\u2019on est. \u00c0 travers une interview de 45 minutes lors desquelles je vais m\u2019int\u00e9resser \u00e0 la personne que vous \u00eates avant de m\u2019int\u00e9resser au professionnel, je vous propose d\u2019\u00e9crire de quelle mani\u00e8re je vous per\u00e7ois \u00e0 travers vos r\u00e9ponses. Je vous poserais quelques questions pour vous guider, vous orienter, et je vous expliquerais pourquoi, il est important de parler de soi pour parler de son activit\u00e9. Chaque client a besoin de s\u2019identifier \u00e0 vous et si dans votre portrait, il peut se retrouver, alors il fera plus volontiers appel \u00e0 vos services car il aura la sensation de vous conna\u00eetre un tant soit peu. Parler de soi, se livrer est un exercice difficile pour certains, je saurais faire preuve d\u2019\u00e9coute et d\u2019empathie afin que vous puissiez vous livrer en toute confiance. Le portrait, c\u2019est une mini biographie qui se pr\u00e9sente sous un format A4 recto-verso avec votre photo, votre logo, vos coordonn\u00e9es et [&hellip;]<\/p>\n","protected":false},"author":1,"featured_media":374,"parent":0,"menu_order":0,"comment_status":"closed","ping_status":"closed","template":"","meta":{"_et_pb_use_builder":"on","_et_pb_old_content":"","_et_gb_content_width":"","footnotes":""},"class_list":["post-167","page","type-page","status-publish","has-post-thumbnail","hentry"],"yoast_head":"<!-- This site is optimized with the Yoast SEO plugin v27.5 - https:\/\/yoast.com\/product\/yoast-seo-wordpress\/ -->\n<title>Portraits - Des mots pour une vie<\/title>\n<meta name=\"description\" content=\"Portrait professionnel pour se d\u00e9voiler diff\u00e9remment. Racontez-moi qui vous \u00eates et Marl\u00e8ne Louisor racontera ce que vous fa\u00eetes !\" \/>\n<meta name=\"robots\" content=\"index, follow, max-snippet:-1, max-image-preview:large, max-video-preview:-1\" \/>\n<link rel=\"canonical\" href=\"https:\/\/www.desmotspourunevie.fr\/index.php\/portraits\/\" \/>\n<meta property=\"og:locale\" content=\"fr_FR\" \/>\n<meta property=\"og:type\" content=\"article\" \/>\n<meta property=\"og:title\" content=\"Portraits - Des mots pour une vie\" \/>\n<meta property=\"og:description\" content=\"Portrait professionnel pour se d\u00e9voiler diff\u00e9remment. Racontez-moi qui vous \u00eates et Marl\u00e8ne Louisor racontera ce que vous fa\u00eetes !\" \/>\n<meta property=\"og:url\" content=\"https:\/\/www.desmotspourunevie.fr\/index.php\/portraits\/\" \/>\n<meta property=\"og:site_name\" content=\"Des mots pour une vie\" \/>\n<meta property=\"article:modified_time\" content=\"2024-04-30T12:41:45+00:00\" \/>\n<meta property=\"og:image\" content=\"https:\/\/www.desmotspourunevie.fr\/wp-content\/uploads\/2024\/04\/photo-pour-bandeau-portrait.jpg\" \/>\n\t<meta property=\"og:image:width\" content=\"2160\" \/>\n\t<meta property=\"og:image:height\" content=\"1440\" \/>\n\t<meta property=\"og:image:type\" content=\"image\/jpeg\" \/>\n<meta name=\"twitter:card\" content=\"summary_large_image\" \/>\n<meta name=\"twitter:label1\" content=\"Dur\u00e9e de lecture estim\u00e9e\" \/>\n\t<meta name=\"twitter:data1\" content=\"5 minutes\" \/>\n<script type=\"application\/ld+json\" class=\"yoast-schema-graph\">{\"@context\":\"https:\\\/\\\/schema.org\",\"@graph\":[{\"@type\":\"WebPage\",\"@id\":\"https:\\\/\\\/www.desmotspourunevie.fr\\\/index.php\\\/portraits\\\/\",\"url\":\"https:\\\/\\\/www.desmotspourunevie.fr\\\/index.php\\\/portraits\\\/\",\"name\":\"Portraits - Des mots pour une vie\",\"isPartOf\":{\"@id\":\"https:\\\/\\\/www.desmotspourunevie.fr\\\/#website\"},\"primaryImageOfPage\":{\"@id\":\"https:\\\/\\\/www.desmotspourunevie.fr\\\/index.php\\\/portraits\\\/#primaryimage\"},\"image\":{\"@id\":\"https:\\\/\\\/www.desmotspourunevie.fr\\\/index.php\\\/portraits\\\/#primaryimage\"},\"thumbnailUrl\":\"https:\\\/\\\/www.desmotspourunevie.fr\\\/wp-content\\\/uploads\\\/2024\\\/04\\\/photo-pour-bandeau-portrait.jpg\",\"datePublished\":\"2024-03-22T17:03:19+00:00\",\"dateModified\":\"2024-04-30T12:41:45+00:00\",\"description\":\"Portrait professionnel pour se d\u00e9voiler diff\u00e9remment. Racontez-moi qui vous \u00eates et Marl\u00e8ne Louisor racontera ce que vous fa\u00eetes !\",\"breadcrumb\":{\"@id\":\"https:\\\/\\\/www.desmotspourunevie.fr\\\/index.php\\\/portraits\\\/#breadcrumb\"},\"inLanguage\":\"fr-FR\",\"potentialAction\":[{\"@type\":\"ReadAction\",\"target\":[\"https:\\\/\\\/www.desmotspourunevie.fr\\\/index.php\\\/portraits\\\/\"]}]},{\"@type\":\"ImageObject\",\"inLanguage\":\"fr-FR\",\"@id\":\"https:\\\/\\\/www.desmotspourunevie.fr\\\/index.php\\\/portraits\\\/#primaryimage\",\"url\":\"https:\\\/\\\/www.desmotspourunevie.fr\\\/wp-content\\\/uploads\\\/2024\\\/04\\\/photo-pour-bandeau-portrait.jpg\",\"contentUrl\":\"https:\\\/\\\/www.desmotspourunevie.fr\\\/wp-content\\\/uploads\\\/2024\\\/04\\\/photo-pour-bandeau-portrait.jpg\",\"width\":2160,\"height\":1440},{\"@type\":\"BreadcrumbList\",\"@id\":\"https:\\\/\\\/www.desmotspourunevie.fr\\\/index.php\\\/portraits\\\/#breadcrumb\",\"itemListElement\":[{\"@type\":\"ListItem\",\"position\":1,\"name\":\"Accueil\",\"item\":\"https:\\\/\\\/www.desmotspourunevie.fr\\\/\"},{\"@type\":\"ListItem\",\"position\":2,\"name\":\"Portraits\"}]},{\"@type\":\"WebSite\",\"@id\":\"https:\\\/\\\/www.desmotspourunevie.fr\\\/#website\",\"url\":\"https:\\\/\\\/www.desmotspourunevie.fr\\\/\",\"name\":\"Des mots pour une vie\",\"description\":\"Conf&eacute;renci&egrave;re - &Eacute;crivaine - Biographe\",\"potentialAction\":[{\"@type\":\"SearchAction\",\"target\":{\"@type\":\"EntryPoint\",\"urlTemplate\":\"https:\\\/\\\/www.desmotspourunevie.fr\\\/?s={search_term_string}\"},\"query-input\":{\"@type\":\"PropertyValueSpecification\",\"valueRequired\":true,\"valueName\":\"search_term_string\"}}],\"inLanguage\":\"fr-FR\"}]}<\/script>\n<!-- \/ Yoast SEO plugin. -->","yoast_head_json":{"title":"Portraits - Des mots pour une vie","description":"Portrait professionnel pour se d\u00e9voiler diff\u00e9remment. Racontez-moi qui vous \u00eates et Marl\u00e8ne Louisor racontera ce que vous fa\u00eetes !","robots":{"index":"index","follow":"follow","max-snippet":"max-snippet:-1","max-image-preview":"max-image-preview:large","max-video-preview":"max-video-preview:-1"},"canonical":"https:\/\/www.desmotspourunevie.fr\/index.php\/portraits\/","og_locale":"fr_FR","og_type":"article","og_title":"Portraits - Des mots pour une vie","og_description":"Portrait professionnel pour se d\u00e9voiler diff\u00e9remment. Racontez-moi qui vous \u00eates et Marl\u00e8ne Louisor racontera ce que vous fa\u00eetes !","og_url":"https:\/\/www.desmotspourunevie.fr\/index.php\/portraits\/","og_site_name":"Des mots pour une vie","article_modified_time":"2024-04-30T12:41:45+00:00","og_image":[{"width":2160,"height":1440,"url":"https:\/\/www.desmotspourunevie.fr\/wp-content\/uploads\/2024\/04\/photo-pour-bandeau-portrait.jpg","type":"image\/jpeg"}],"twitter_card":"summary_large_image","twitter_misc":{"Dur\u00e9e de lecture estim\u00e9e":"5 minutes"},"schema":{"@context":"https:\/\/schema.org","@graph":[{"@type":"WebPage","@id":"https:\/\/www.desmotspourunevie.fr\/index.php\/portraits\/","url":"https:\/\/www.desmotspourunevie.fr\/index.php\/portraits\/","name":"Portraits - Des mots pour une vie","isPartOf":{"@id":"https:\/\/www.desmotspourunevie.fr\/#website"},"primaryImageOfPage":{"@id":"https:\/\/www.desmotspourunevie.fr\/index.php\/portraits\/#primaryimage"},"image":{"@id":"https:\/\/www.desmotspourunevie.fr\/index.php\/portraits\/#primaryimage"},"thumbnailUrl":"https:\/\/www.desmotspourunevie.fr\/wp-content\/uploads\/2024\/04\/photo-pour-bandeau-portrait.jpg","datePublished":"2024-03-22T17:03:19+00:00","dateModified":"2024-04-30T12:41:45+00:00","description":"Portrait professionnel pour se d\u00e9voiler diff\u00e9remment. Racontez-moi qui vous \u00eates et Marl\u00e8ne Louisor racontera ce que vous fa\u00eetes !","breadcrumb":{"@id":"https:\/\/www.desmotspourunevie.fr\/index.php\/portraits\/#breadcrumb"},"inLanguage":"fr-FR","potentialAction":[{"@type":"ReadAction","target":["https:\/\/www.desmotspourunevie.fr\/index.php\/portraits\/"]}]},{"@type":"ImageObject","inLanguage":"fr-FR","@id":"https:\/\/www.desmotspourunevie.fr\/index.php\/portraits\/#primaryimage","url":"https:\/\/www.desmotspourunevie.fr\/wp-content\/uploads\/2024\/04\/photo-pour-bandeau-portrait.jpg","contentUrl":"https:\/\/www.desmotspourunevie.fr\/wp-content\/uploads\/2024\/04\/photo-pour-bandeau-portrait.jpg","width":2160,"height":1440},{"@type":"BreadcrumbList","@id":"https:\/\/www.desmotspourunevie.fr\/index.php\/portraits\/#breadcrumb","itemListElement":[{"@type":"ListItem","position":1,"name":"Accueil","item":"https:\/\/www.desmotspourunevie.fr\/"},{"@type":"ListItem","position":2,"name":"Portraits"}]},{"@type":"WebSite","@id":"https:\/\/www.desmotspourunevie.fr\/#website","url":"https:\/\/www.desmotspourunevie.fr\/","name":"Des mots pour une vie","description":"Conf&eacute;renci&egrave;re - &Eacute;crivaine - Biographe","potentialAction":[{"@type":"SearchAction","target":{"@type":"EntryPoint","urlTemplate":"https:\/\/www.desmotspourunevie.fr\/?s={search_term_string}"},"query-input":{"@type":"PropertyValueSpecification","valueRequired":true,"valueName":"search_term_string"}}],"inLanguage":"fr-FR"}]}},"_links":{"self":[{"href":"https:\/\/www.desmotspourunevie.fr\/index.php\/wp-json\/wp\/v2\/pages\/167","targetHints":{"allow":["GET"]}}],"collection":[{"href":"https:\/\/www.desmotspourunevie.fr\/index.php\/wp-json\/wp\/v2\/pages"}],"about":[{"href":"https:\/\/www.desmotspourunevie.fr\/index.php\/wp-json\/wp\/v2\/types\/page"}],"author":[{"embeddable":true,"href":"https:\/\/www.desmotspourunevie.fr\/index.php\/wp-json\/wp\/v2\/users\/1"}],"replies":[{"embeddable":true,"href":"https:\/\/www.desmotspourunevie.fr\/index.php\/wp-json\/wp\/v2\/comments?post=167"}],"version-history":[{"count":20,"href":"https:\/\/www.desmotspourunevie.fr\/index.php\/wp-json\/wp\/v2\/pages\/167\/revisions"}],"predecessor-version":[{"id":471,"href":"https:\/\/www.desmotspourunevie.fr\/index.php\/wp-json\/wp\/v2\/pages\/167\/revisions\/471"}],"wp:featuredmedia":[{"embeddable":true,"href":"https:\/\/www.desmotspourunevie.fr\/index.php\/wp-json\/wp\/v2\/media\/374"}],"wp:attachment":[{"href":"https:\/\/www.desmotspourunevie.fr\/index.php\/wp-json\/wp\/v2\/media?parent=167"}],"curies":[{"name":"wp","href":"https:\/\/api.w.org\/{rel}","templated":true}]}}